{"id":4278,"date":"2026-01-25T09:29:53","date_gmt":"2026-01-25T09:29:53","guid":{"rendered":"https:\/\/mockfest.pt\/?page_id=4278"},"modified":"2026-01-25T23:45:03","modified_gmt":"2026-01-25T23:45:03","slug":"pressday","status":"publish","type":"page","link":"https:\/\/mockfest.pt\/en\/pressday\/","title":{"rendered":"Galeria &#8211; Press Day"},"content":{"rendered":"<div data-elementor-type=\"wp-page\" data-elementor-id=\"4278\" class=\"elementor elementor-4278\" data-elementor-settings=\"{&quot;ha_cmc_init_switcher&quot;:&quot;no&quot;}\" data-elementor-post-type=\"page\">\n\t\t\t\t<div class=\"elementor-element elementor-element-033c7d5 e-flex e-con-boxed e-con e-parent\" data-id=\"033c7d5\" data-element_type=\"container\" data-settings=\"{&quot;_ha_eqh_enable&quot;:false}\">\n\t\t\t\t\t<div class=\"e-con-inner\">\n\t\t<div class=\"elementor-element elementor-element-e5d7755 e-flex e-con-boxed e-con e-child\" data-id=\"e5d7755\" data-element_type=\"container\" data-settings=\"{&quot;_ha_eqh_enable&quot;:false}\">\n\t\t\t\t\t<div class=\"e-con-inner\">\n\t\t<div class=\"elementor-element elementor-element-c53e8f8 e-con-full e-flex e-con e-child\" data-id=\"c53e8f8\" data-element_type=\"container\" data-settings=\"{&quot;_ha_eqh_enable&quot;:false}\">\n\t\t\t\t<div class=\"elementor-element elementor-element-2e1395d animated-slow elementor-invisible elementor-widget elementor-widget-text-editor\" data-id=\"2e1395d\" data-element_type=\"widget\" data-settings=\"{&quot;_animation&quot;:&quot;fadeIn&quot;}\" data-widget_type=\"text-editor.default\">\n\t\t\t\t<div class=\"elementor-widget-container\">\n\t\t\t\t\t\t\t\t\t<p>Gallery<\/p>\t\t\t\t\t\t\t\t<\/div>\n\t\t\t\t<\/div>\n\t\t\t\t<\/div>\n\t\t<div class=\"elementor-element elementor-element-e791724 e-con-full elementor-hidden-mobile e-flex elementor-invisible e-con e-child\" data-id=\"e791724\" data-element_type=\"container\" data-settings=\"{&quot;background_background&quot;:&quot;classic&quot;,&quot;animation&quot;:&quot;fadeInRight&quot;,&quot;_ha_eqh_enable&quot;:false}\">\n\t\t\t\t<div class=\"elementor-element elementor-element-6ac3401 elementor-widget elementor-widget-spacer\" data-id=\"6ac3401\" data-element_type=\"widget\" data-widget_type=\"spacer.default\">\n\t\t\t\t<div class=\"elementor-widget-container\">\n\t\t\t\t\t\t\t<div class=\"elementor-spacer\">\n\t\t\t<div class=\"elementor-spacer-inner\"><\/div>\n\t\t<\/div>\n\t\t\t\t\t\t<\/div>\n\t\t\t\t<\/div>\n\t\t\t\t<\/div>\n\t\t\t\t\t<\/div>\n\t\t\t\t<\/div>\n\t\t\t\t\t<\/div>\n\t\t\t\t<\/div>\n\t\t<div class=\"elementor-element elementor-element-f295679 e-flex e-con-boxed e-con e-parent\" data-id=\"f295679\" data-element_type=\"container\" data-settings=\"{&quot;_ha_eqh_enable&quot;:false}\">\n\t\t\t\t\t<div class=\"e-con-inner\">\n\t\t<div class=\"elementor-element elementor-element-4520c8f e-con-full e-flex e-con e-child\" data-id=\"4520c8f\" data-element_type=\"container\" data-settings=\"{&quot;background_background&quot;:&quot;classic&quot;,&quot;_ha_eqh_enable&quot;:false}\">\n\t\t<div class=\"elementor-element elementor-element-fb6f857 e-con-full e-flex e-con e-child\" data-id=\"fb6f857\" data-element_type=\"container\" data-settings=\"{&quot;_ha_eqh_enable&quot;:false}\">\n\t\t\t\t<div class=\"elementor-element elementor-element-1c51d48 elementor-widget__width-inherit animated-slow elementor-invisible elementor-widget elementor-widget-heading\" data-id=\"1c51d48\" data-element_type=\"widget\" data-settings=\"{&quot;_animation&quot;:&quot;fadeIn&quot;}\" data-widget_type=\"heading.default\">\n\t\t\t\t<div class=\"elementor-widget-container\">\n\t\t\t\t\t<h2 class=\"elementor-heading-title elementor-size-default\">Press Day 2025<\/h2>\t\t\t\t<\/div>\n\t\t\t\t<\/div>\n\t\t<div class=\"elementor-element elementor-element-072d5d9 e-con-full e-flex e-con e-child\" data-id=\"072d5d9\" data-element_type=\"container\" data-settings=\"{&quot;_ha_eqh_enable&quot;:false}\">\n\t\t\t\t<div class=\"elementor-element elementor-element-352eb85 elementor-widget__width-inherit elementor-widget elementor-widget-ha-justified-gallery happy-addon ha-justified-gallery\" data-id=\"352eb85\" data-element_type=\"widget\" data-settings=\"{&quot;row_height&quot;:{&quot;unit&quot;:&quot;px&quot;,&quot;size&quot;:238,&quot;sizes&quot;:[]},&quot;margins&quot;:{&quot;unit&quot;:&quot;px&quot;,&quot;size&quot;:22,&quot;sizes&quot;:[]},&quot;last_row&quot;:&quot;nojustify&quot;,&quot;enable_popup&quot;:&quot;yes&quot;}\" data-widget_type=\"ha-justified-gallery.default\">\n\t\t\t\t<div class=\"elementor-widget-container\">\n\t\t\t\t\t\n\t\t<div class=\"ha-justified-grid__wrap hajs-justified-grid\">\n\t\t\t\t\t\t\t<a href=\"#\" data-mfp-src=\"https:\/\/mockfest.pt\/wp-content\/uploads\/2025\/07\/IMG_8773-scaled.jpg\" class=\"ha-justified-grid__item ha-js-lightbox __fltr-1\" title=\"\">\n\t\t\t\t\t<img fetchpriority=\"high\" decoding=\"async\" width=\"2048\" height=\"2560\" src=\"https:\/\/mockfest.pt\/wp-content\/uploads\/2025\/07\/IMG_8773-scaled.jpg\" class=\"elementor-animation-grow\" alt=\"Participante do Worten Mock Fest em Lisboa conversando nos bastidores do festival de com\u00e9dia\" srcset=\"https:\/\/mockfest.pt\/wp-content\/uploads\/2025\/07\/IMG_8773-scaled.jpg 2048w, https:\/\/mockfest.pt\/wp-content\/uploads\/2025\/07\/IMG_8773-240x300.jpg 240w, https:\/\/mockfest.pt\/wp-content\/uploads\/2025\/07\/IMG_8773-819x1024.jpg 819w, https:\/\/mockfest.pt\/wp-content\/uploads\/2025\/07\/IMG_8773-768x960.jpg 768w, https:\/\/mockfest.pt\/wp-content\/uploads\/2025\/07\/IMG_8773-1229x1536.jpg 1229w, https:\/\/mockfest.pt\/wp-content\/uploads\/2025\/07\/IMG_8773-1638x2048.jpg 1638w, https:\/\/mockfest.pt\/wp-content\/uploads\/2025\/07\/IMG_8773-10x12.jpg 10w\" sizes=\"(max-width: 2048px) 100vw, 2048px\" \/>\t\t\t\t<\/a>\n\t\t\t\t\t\t\t<a href=\"#\" data-mfp-src=\"https:\/\/mockfest.pt\/wp-content\/uploads\/2025\/07\/IMG_8783-scaled.jpg\" class=\"ha-justified-grid__item ha-js-lightbox __fltr-1\" title=\"\">\n\t\t\t\t\t<img decoding=\"async\" width=\"2048\" height=\"2560\" src=\"https:\/\/mockfest.pt\/wp-content\/uploads\/2025\/07\/IMG_8783-scaled.jpg\" class=\"elementor-animation-grow\" alt=\"Participante do Worten Mock Fest em Lisboa conversando nos bastidores do festival de com\u00e9dia, usando crach\u00e1 de identifica\u00e7\u00e3o do evento.\" srcset=\"https:\/\/mockfest.pt\/wp-content\/uploads\/2025\/07\/IMG_8783-scaled.jpg 2048w, https:\/\/mockfest.pt\/wp-content\/uploads\/2025\/07\/IMG_8783-240x300.jpg 240w, https:\/\/mockfest.pt\/wp-content\/uploads\/2025\/07\/IMG_8783-819x1024.jpg 819w, https:\/\/mockfest.pt\/wp-content\/uploads\/2025\/07\/IMG_8783-768x960.jpg 768w, https:\/\/mockfest.pt\/wp-content\/uploads\/2025\/07\/IMG_8783-1229x1536.jpg 1229w, https:\/\/mockfest.pt\/wp-content\/uploads\/2025\/07\/IMG_8783-1638x2048.jpg 1638w, https:\/\/mockfest.pt\/wp-content\/uploads\/2025\/07\/IMG_8783-10x12.jpg 10w\" sizes=\"(max-width: 2048px) 100vw, 2048px\" \/>\t\t\t\t<\/a>\n\t\t\t\t\t\t\t<a href=\"#\" data-mfp-src=\"https:\/\/mockfest.pt\/wp-content\/uploads\/2025\/07\/IMG_8767-scaled.jpg\" class=\"ha-justified-grid__item ha-js-lightbox __fltr-1\" title=\"\">\n\t\t\t\t\t<img decoding=\"async\" width=\"2048\" height=\"2560\" src=\"https:\/\/mockfest.pt\/wp-content\/uploads\/2025\/07\/IMG_8767-scaled.jpg\" class=\"elementor-animation-grow\" alt=\"Participantes e artistas conversando na \u00e1rea de conviv\u00eancia do Worten Mock Fest, com painel de fundo destacando stand-up, m\u00fasica e talks no festival de com\u00e9dia em Lisboa.\" srcset=\"https:\/\/mockfest.pt\/wp-content\/uploads\/2025\/07\/IMG_8767-scaled.jpg 2048w, https:\/\/mockfest.pt\/wp-content\/uploads\/2025\/07\/IMG_8767-240x300.jpg 240w, https:\/\/mockfest.pt\/wp-content\/uploads\/2025\/07\/IMG_8767-819x1024.jpg 819w, https:\/\/mockfest.pt\/wp-content\/uploads\/2025\/07\/IMG_8767-768x960.jpg 768w, https:\/\/mockfest.pt\/wp-content\/uploads\/2025\/07\/IMG_8767-1229x1536.jpg 1229w, https:\/\/mockfest.pt\/wp-content\/uploads\/2025\/07\/IMG_8767-1638x2048.jpg 1638w, https:\/\/mockfest.pt\/wp-content\/uploads\/2025\/07\/IMG_8767-10x12.jpg 10w\" sizes=\"(max-width: 2048px) 100vw, 2048px\" \/>\t\t\t\t<\/a>\n\t\t\t\t\t\t\t<a href=\"#\" data-mfp-src=\"https:\/\/mockfest.pt\/wp-content\/uploads\/2025\/07\/IMG_8756-scaled.jpg\" class=\"ha-justified-grid__item ha-js-lightbox __fltr-1\" title=\"\">\n\t\t\t\t\t<img loading=\"lazy\" decoding=\"async\" width=\"2560\" height=\"2048\" src=\"https:\/\/mockfest.pt\/wp-content\/uploads\/2025\/07\/IMG_8756-scaled.jpg\" class=\"elementor-animation-grow\" alt=\"Funcion\u00e1rio a servir cerveja Super Bock no Worten Mock Fest, ambiente de bar com ilumina\u00e7\u00e3o suave e destaque para o tirador de cerveja.\" srcset=\"https:\/\/mockfest.pt\/wp-content\/uploads\/2025\/07\/IMG_8756-scaled.jpg 2560w, https:\/\/mockfest.pt\/wp-content\/uploads\/2025\/07\/IMG_8756-300x240.jpg 300w, https:\/\/mockfest.pt\/wp-content\/uploads\/2025\/07\/IMG_8756-1024x819.jpg 1024w, https:\/\/mockfest.pt\/wp-content\/uploads\/2025\/07\/IMG_8756-768x614.jpg 768w, https:\/\/mockfest.pt\/wp-content\/uploads\/2025\/07\/IMG_8756-1536x1229.jpg 1536w, https:\/\/mockfest.pt\/wp-content\/uploads\/2025\/07\/IMG_8756-2048x1638.jpg 2048w, https:\/\/mockfest.pt\/wp-content\/uploads\/2025\/07\/IMG_8756-15x12.jpg 15w\" sizes=\"(max-width: 2560px) 100vw, 2560px\" \/>\t\t\t\t<\/a>\n\t\t\t\t\t\t\t<a href=\"#\" data-mfp-src=\"https:\/\/mockfest.pt\/wp-content\/uploads\/2025\/07\/IMG_8741-scaled.jpg\" class=\"ha-justified-grid__item ha-js-lightbox __fltr-1\" title=\"\">\n\t\t\t\t\t<img loading=\"lazy\" decoding=\"async\" width=\"2560\" height=\"2048\" src=\"https:\/\/mockfest.pt\/wp-content\/uploads\/2025\/07\/IMG_8741-scaled.jpg\" class=\"elementor-animation-grow\" alt=\"Funcion\u00e1ria do Mock Fest servindo cerveja da torneira Super Bock em um copo pl\u00e1stico durante o evento.\" srcset=\"https:\/\/mockfest.pt\/wp-content\/uploads\/2025\/07\/IMG_8741-scaled.jpg 2560w, https:\/\/mockfest.pt\/wp-content\/uploads\/2025\/07\/IMG_8741-300x240.jpg 300w, https:\/\/mockfest.pt\/wp-content\/uploads\/2025\/07\/IMG_8741-1024x819.jpg 1024w, https:\/\/mockfest.pt\/wp-content\/uploads\/2025\/07\/IMG_8741-768x614.jpg 768w, https:\/\/mockfest.pt\/wp-content\/uploads\/2025\/07\/IMG_8741-1536x1229.jpg 1536w, https:\/\/mockfest.pt\/wp-content\/uploads\/2025\/07\/IMG_8741-2048x1638.jpg 2048w, https:\/\/mockfest.pt\/wp-content\/uploads\/2025\/07\/IMG_8741-15x12.jpg 15w\" sizes=\"(max-width: 2560px) 100vw, 2560px\" \/>\t\t\t\t<\/a>\n\t\t\t\t\t\t\t<a href=\"#\" data-mfp-src=\"https:\/\/mockfest.pt\/wp-content\/uploads\/2025\/07\/IMG_8738-scaled.jpg\" class=\"ha-justified-grid__item ha-js-lightbox __fltr-1\" title=\"\">\n\t\t\t\t\t<img loading=\"lazy\" decoding=\"async\" width=\"2560\" height=\"2048\" src=\"https:\/\/mockfest.pt\/wp-content\/uploads\/2025\/07\/IMG_8738-scaled.jpg\" class=\"elementor-animation-grow\" alt=\"Funcion\u00e1ria do Mock Fest servindo cerveja da torneira Super Bock em um copo pl\u00e1stico durante o evento.\" srcset=\"https:\/\/mockfest.pt\/wp-content\/uploads\/2025\/07\/IMG_8738-scaled.jpg 2560w, https:\/\/mockfest.pt\/wp-content\/uploads\/2025\/07\/IMG_8738-300x240.jpg 300w, https:\/\/mockfest.pt\/wp-content\/uploads\/2025\/07\/IMG_8738-1024x819.jpg 1024w, https:\/\/mockfest.pt\/wp-content\/uploads\/2025\/07\/IMG_8738-768x614.jpg 768w, https:\/\/mockfest.pt\/wp-content\/uploads\/2025\/07\/IMG_8738-1536x1229.jpg 1536w, https:\/\/mockfest.pt\/wp-content\/uploads\/2025\/07\/IMG_8738-2048x1638.jpg 2048w, https:\/\/mockfest.pt\/wp-content\/uploads\/2025\/07\/IMG_8738-15x12.jpg 15w\" sizes=\"(max-width: 2560px) 100vw, 2560px\" \/>\t\t\t\t<\/a>\n\t\t\t\t\t\t\t<a href=\"#\" data-mfp-src=\"https:\/\/mockfest.pt\/wp-content\/uploads\/2025\/07\/IMG_8656-scaled.jpg\" class=\"ha-justified-grid__item ha-js-lightbox __fltr-1\" title=\"\">\n\t\t\t\t\t<img loading=\"lazy\" decoding=\"async\" width=\"2048\" height=\"2560\" src=\"https:\/\/mockfest.pt\/wp-content\/uploads\/2025\/07\/IMG_8656-scaled.jpg\" class=\"elementor-animation-grow\" alt=\"Ricardo Santos, participante do Mock Fest, usando crach\u00e1 e microfone de lapela, conversa com outra pessoa durante o festival de com\u00e9dia.\" srcset=\"https:\/\/mockfest.pt\/wp-content\/uploads\/2025\/07\/IMG_8656-scaled.jpg 2048w, https:\/\/mockfest.pt\/wp-content\/uploads\/2025\/07\/IMG_8656-240x300.jpg 240w, https:\/\/mockfest.pt\/wp-content\/uploads\/2025\/07\/IMG_8656-819x1024.jpg 819w, https:\/\/mockfest.pt\/wp-content\/uploads\/2025\/07\/IMG_8656-768x960.jpg 768w, https:\/\/mockfest.pt\/wp-content\/uploads\/2025\/07\/IMG_8656-1229x1536.jpg 1229w, https:\/\/mockfest.pt\/wp-content\/uploads\/2025\/07\/IMG_8656-1638x2048.jpg 1638w, https:\/\/mockfest.pt\/wp-content\/uploads\/2025\/07\/IMG_8656-10x12.jpg 10w\" sizes=\"(max-width: 2048px) 100vw, 2048px\" \/>\t\t\t\t<\/a>\n\t\t\t\t\t\t\t<a href=\"#\" data-mfp-src=\"https:\/\/mockfest.pt\/wp-content\/uploads\/2025\/07\/IMG_8676-scaled.jpg\" class=\"ha-justified-grid__item ha-js-lightbox __fltr-1\" title=\"\">\n\t\t\t\t\t<img loading=\"lazy\" decoding=\"async\" width=\"2560\" height=\"2048\" src=\"https:\/\/mockfest.pt\/wp-content\/uploads\/2025\/07\/IMG_8676-scaled.jpg\" class=\"elementor-animation-grow\" alt=\"Entrega de um copo de cerveja no balc\u00e3o durante o Mock Fest, com as m\u00e3os dos participantes em destaque.\" srcset=\"https:\/\/mockfest.pt\/wp-content\/uploads\/2025\/07\/IMG_8676-scaled.jpg 2560w, https:\/\/mockfest.pt\/wp-content\/uploads\/2025\/07\/IMG_8676-300x240.jpg 300w, https:\/\/mockfest.pt\/wp-content\/uploads\/2025\/07\/IMG_8676-1024x819.jpg 1024w, https:\/\/mockfest.pt\/wp-content\/uploads\/2025\/07\/IMG_8676-768x614.jpg 768w, https:\/\/mockfest.pt\/wp-content\/uploads\/2025\/07\/IMG_8676-1536x1229.jpg 1536w, https:\/\/mockfest.pt\/wp-content\/uploads\/2025\/07\/IMG_8676-2048x1639.jpg 2048w, https:\/\/mockfest.pt\/wp-content\/uploads\/2025\/07\/IMG_8676-15x12.jpg 15w\" sizes=\"(max-width: 2560px) 100vw, 2560px\" \/>\t\t\t\t<\/a>\n\t\t\t\t\t\t\t<a href=\"#\" data-mfp-src=\"https:\/\/mockfest.pt\/wp-content\/uploads\/2025\/07\/IMG_8683-scaled.jpg\" class=\"ha-justified-grid__item ha-js-lightbox __fltr-1\" title=\"\">\n\t\t\t\t\t<img loading=\"lazy\" decoding=\"async\" width=\"2560\" height=\"2048\" src=\"https:\/\/mockfest.pt\/wp-content\/uploads\/2025\/07\/IMG_8683-scaled.jpg\" class=\"elementor-animation-grow\" alt=\"Dois participantes do Worten Mock Fest a abra\u00e7arem-se calorosamente num corredor do recinto do festival.\" srcset=\"https:\/\/mockfest.pt\/wp-content\/uploads\/2025\/07\/IMG_8683-scaled.jpg 2560w, https:\/\/mockfest.pt\/wp-content\/uploads\/2025\/07\/IMG_8683-300x240.jpg 300w, https:\/\/mockfest.pt\/wp-content\/uploads\/2025\/07\/IMG_8683-1024x819.jpg 1024w, https:\/\/mockfest.pt\/wp-content\/uploads\/2025\/07\/IMG_8683-768x614.jpg 768w, https:\/\/mockfest.pt\/wp-content\/uploads\/2025\/07\/IMG_8683-1536x1229.jpg 1536w, https:\/\/mockfest.pt\/wp-content\/uploads\/2025\/07\/IMG_8683-2048x1638.jpg 2048w, https:\/\/mockfest.pt\/wp-content\/uploads\/2025\/07\/IMG_8683-15x12.jpg 15w\" sizes=\"(max-width: 2560px) 100vw, 2560px\" \/>\t\t\t\t<\/a>\n\t\t\t\t\t\t\t<a href=\"#\" data-mfp-src=\"https:\/\/mockfest.pt\/wp-content\/uploads\/2025\/07\/IMG_8696-scaled.jpg\" class=\"ha-justified-grid__item ha-js-lightbox __fltr-1\" title=\"\">\n\t\t\t\t\t<img loading=\"lazy\" decoding=\"async\" width=\"2048\" height=\"2560\" src=\"https:\/\/mockfest.pt\/wp-content\/uploads\/2025\/07\/IMG_8696-scaled.jpg\" class=\"elementor-animation-grow\" alt=\"Palestrante sorridente no Worten Mock Fest, usando um conjunto jeans. Ambiente iluminado com luzes coloridas e palco ao fundo, transmitindo clima leve e acolhedor do evento.\" srcset=\"https:\/\/mockfest.pt\/wp-content\/uploads\/2025\/07\/IMG_8696-scaled.jpg 2048w, https:\/\/mockfest.pt\/wp-content\/uploads\/2025\/07\/IMG_8696-240x300.jpg 240w, https:\/\/mockfest.pt\/wp-content\/uploads\/2025\/07\/IMG_8696-819x1024.jpg 819w, https:\/\/mockfest.pt\/wp-content\/uploads\/2025\/07\/IMG_8696-768x960.jpg 768w, https:\/\/mockfest.pt\/wp-content\/uploads\/2025\/07\/IMG_8696-1229x1536.jpg 1229w, https:\/\/mockfest.pt\/wp-content\/uploads\/2025\/07\/IMG_8696-1639x2048.jpg 1639w, https:\/\/mockfest.pt\/wp-content\/uploads\/2025\/07\/IMG_8696-10x12.jpg 10w\" sizes=\"(max-width: 2048px) 100vw, 2048px\" \/>\t\t\t\t<\/a>\n\t\t\t\t\t\t\t<a href=\"#\" data-mfp-src=\"https:\/\/mockfest.pt\/wp-content\/uploads\/2025\/07\/IMG_8714-scaled.jpg\" class=\"ha-justified-grid__item ha-js-lightbox __fltr-1\" title=\"\">\n\t\t\t\t\t<img loading=\"lazy\" decoding=\"async\" width=\"2560\" height=\"2048\" src=\"https:\/\/mockfest.pt\/wp-content\/uploads\/2025\/07\/IMG_8714-scaled.jpg\" class=\"elementor-animation-grow\" alt=\"Funcion\u00e1ria do Mock Fest servindo cerveja da torneira Super Bock\" srcset=\"https:\/\/mockfest.pt\/wp-content\/uploads\/2025\/07\/IMG_8714-scaled.jpg 2560w, https:\/\/mockfest.pt\/wp-content\/uploads\/2025\/07\/IMG_8714-300x240.jpg 300w, https:\/\/mockfest.pt\/wp-content\/uploads\/2025\/07\/IMG_8714-1024x819.jpg 1024w, https:\/\/mockfest.pt\/wp-content\/uploads\/2025\/07\/IMG_8714-768x614.jpg 768w, https:\/\/mockfest.pt\/wp-content\/uploads\/2025\/07\/IMG_8714-1536x1229.jpg 1536w, https:\/\/mockfest.pt\/wp-content\/uploads\/2025\/07\/IMG_8714-2048x1638.jpg 2048w, https:\/\/mockfest.pt\/wp-content\/uploads\/2025\/07\/IMG_8714-15x12.jpg 15w\" sizes=\"(max-width: 2560px) 100vw, 2560px\" \/>\t\t\t\t<\/a>\n\t\t\t\t\t\t\t<a href=\"#\" data-mfp-src=\"https:\/\/mockfest.pt\/wp-content\/uploads\/2025\/07\/IMG_8732-scaled.jpg\" class=\"ha-justified-grid__item ha-js-lightbox __fltr-1\" title=\"\">\n\t\t\t\t\t<img loading=\"lazy\" decoding=\"async\" width=\"2048\" height=\"2560\" src=\"https:\/\/mockfest.pt\/wp-content\/uploads\/2025\/07\/IMG_8732-scaled.jpg\" class=\"elementor-animation-grow\" alt=\"\" srcset=\"https:\/\/mockfest.pt\/wp-content\/uploads\/2025\/07\/IMG_8732-scaled.jpg 2048w, https:\/\/mockfest.pt\/wp-content\/uploads\/2025\/07\/IMG_8732-240x300.jpg 240w, https:\/\/mockfest.pt\/wp-content\/uploads\/2025\/07\/IMG_8732-819x1024.jpg 819w, https:\/\/mockfest.pt\/wp-content\/uploads\/2025\/07\/IMG_8732-768x960.jpg 768w, https:\/\/mockfest.pt\/wp-content\/uploads\/2025\/07\/IMG_8732-1229x1536.jpg 1229w, https:\/\/mockfest.pt\/wp-content\/uploads\/2025\/07\/IMG_8732-1638x2048.jpg 1638w, https:\/\/mockfest.pt\/wp-content\/uploads\/2025\/07\/IMG_8732-10x12.jpg 10w\" sizes=\"(max-width: 2048px) 100vw, 2048px\" \/>\t\t\t\t<\/a>\n\t\t\t\t\t\t\t<a href=\"#\" data-mfp-src=\"https:\/\/mockfest.pt\/wp-content\/uploads\/2025\/07\/IMG_8654-1-scaled.jpg\" class=\"ha-justified-grid__item ha-js-lightbox __fltr-1\" title=\"\">\n\t\t\t\t\t<img loading=\"lazy\" decoding=\"async\" width=\"2560\" height=\"2048\" src=\"https:\/\/mockfest.pt\/wp-content\/uploads\/2025\/07\/IMG_8654-1-scaled.jpg\" class=\"elementor-animation-grow\" alt=\"Ricardo, participante do Mock Fest, usando crach\u00e1 e microfone de lapela, conversa com outra pessoa durante o festival de com\u00e9dia.\" srcset=\"https:\/\/mockfest.pt\/wp-content\/uploads\/2025\/07\/IMG_8654-1-scaled.jpg 2560w, https:\/\/mockfest.pt\/wp-content\/uploads\/2025\/07\/IMG_8654-1-300x240.jpg 300w, https:\/\/mockfest.pt\/wp-content\/uploads\/2025\/07\/IMG_8654-1-1024x819.jpg 1024w, https:\/\/mockfest.pt\/wp-content\/uploads\/2025\/07\/IMG_8654-1-768x614.jpg 768w, https:\/\/mockfest.pt\/wp-content\/uploads\/2025\/07\/IMG_8654-1-1536x1229.jpg 1536w, https:\/\/mockfest.pt\/wp-content\/uploads\/2025\/07\/IMG_8654-1-2048x1638.jpg 2048w, https:\/\/mockfest.pt\/wp-content\/uploads\/2025\/07\/IMG_8654-1-15x12.jpg 15w\" sizes=\"(max-width: 2560px) 100vw, 2560px\" \/>\t\t\t\t<\/a>\n\t\t\t\t\t\t\t<a href=\"#\" data-mfp-src=\"https:\/\/mockfest.pt\/wp-content\/uploads\/2025\/07\/IMG_8622-1-scaled.jpg\" class=\"ha-justified-grid__item ha-js-lightbox __fltr-1\" title=\"\">\n\t\t\t\t\t<img loading=\"lazy\" decoding=\"async\" width=\"2560\" height=\"2048\" src=\"https:\/\/mockfest.pt\/wp-content\/uploads\/2025\/07\/IMG_8622-1-scaled.jpg\" class=\"elementor-animation-grow\" alt=\"Dois apresentadores do Mock Fest, sorrindo no palco durante uma entrevista, com microfone na m\u00e3o e fundo vermelho com o logo do festival.\" srcset=\"https:\/\/mockfest.pt\/wp-content\/uploads\/2025\/07\/IMG_8622-1-scaled.jpg 2560w, https:\/\/mockfest.pt\/wp-content\/uploads\/2025\/07\/IMG_8622-1-300x240.jpg 300w, https:\/\/mockfest.pt\/wp-content\/uploads\/2025\/07\/IMG_8622-1-1024x819.jpg 1024w, https:\/\/mockfest.pt\/wp-content\/uploads\/2025\/07\/IMG_8622-1-768x614.jpg 768w, https:\/\/mockfest.pt\/wp-content\/uploads\/2025\/07\/IMG_8622-1-1536x1229.jpg 1536w, https:\/\/mockfest.pt\/wp-content\/uploads\/2025\/07\/IMG_8622-1-2048x1638.jpg 2048w, https:\/\/mockfest.pt\/wp-content\/uploads\/2025\/07\/IMG_8622-1-15x12.jpg 15w\" sizes=\"(max-width: 2560px) 100vw, 2560px\" \/>\t\t\t\t<\/a>\n\t\t\t\t\t\t\t<a href=\"#\" data-mfp-src=\"https:\/\/mockfest.pt\/wp-content\/uploads\/2025\/07\/IMG_8612-scaled.jpg\" class=\"ha-justified-grid__item ha-js-lightbox __fltr-1\" title=\"\">\n\t\t\t\t\t<img loading=\"lazy\" decoding=\"async\" width=\"2560\" height=\"2048\" src=\"https:\/\/mockfest.pt\/wp-content\/uploads\/2025\/07\/IMG_8612-scaled.jpg\" class=\"elementor-animation-grow\" alt=\"Dois apresentadores do Mock Fest, sorrindo no palco durante uma entrevista, com microfone na m\u00e3o e fundo vermelho com o logo do festival.\" srcset=\"https:\/\/mockfest.pt\/wp-content\/uploads\/2025\/07\/IMG_8612-scaled.jpg 2560w, https:\/\/mockfest.pt\/wp-content\/uploads\/2025\/07\/IMG_8612-300x240.jpg 300w, https:\/\/mockfest.pt\/wp-content\/uploads\/2025\/07\/IMG_8612-1024x819.jpg 1024w, https:\/\/mockfest.pt\/wp-content\/uploads\/2025\/07\/IMG_8612-768x614.jpg 768w, https:\/\/mockfest.pt\/wp-content\/uploads\/2025\/07\/IMG_8612-1536x1229.jpg 1536w, https:\/\/mockfest.pt\/wp-content\/uploads\/2025\/07\/IMG_8612-2048x1638.jpg 2048w, https:\/\/mockfest.pt\/wp-content\/uploads\/2025\/07\/IMG_8612-15x12.jpg 15w\" sizes=\"(max-width: 2560px) 100vw, 2560px\" \/>\t\t\t\t<\/a>\n\t\t\t\t\t\t\t<a href=\"#\" data-mfp-src=\"https:\/\/mockfest.pt\/wp-content\/uploads\/2025\/07\/IMG_8592-scaled.jpg\" class=\"ha-justified-grid__item ha-js-lightbox __fltr-1\" title=\"\">\n\t\t\t\t\t<img loading=\"lazy\" decoding=\"async\" width=\"2048\" height=\"2560\" src=\"https:\/\/mockfest.pt\/wp-content\/uploads\/2025\/07\/IMG_8592-scaled.jpg\" class=\"elementor-animation-grow\" alt=\"Participante do Worten Mock Fest posa para foto no evento, com express\u00e3o confiante diante do painel oficial do festival de com\u00e9dia.\" srcset=\"https:\/\/mockfest.pt\/wp-content\/uploads\/2025\/07\/IMG_8592-scaled.jpg 2048w, https:\/\/mockfest.pt\/wp-content\/uploads\/2025\/07\/IMG_8592-240x300.jpg 240w, https:\/\/mockfest.pt\/wp-content\/uploads\/2025\/07\/IMG_8592-819x1024.jpg 819w, https:\/\/mockfest.pt\/wp-content\/uploads\/2025\/07\/IMG_8592-768x960.jpg 768w, https:\/\/mockfest.pt\/wp-content\/uploads\/2025\/07\/IMG_8592-1229x1536.jpg 1229w, https:\/\/mockfest.pt\/wp-content\/uploads\/2025\/07\/IMG_8592-1638x2048.jpg 1638w, https:\/\/mockfest.pt\/wp-content\/uploads\/2025\/07\/IMG_8592-10x12.jpg 10w\" sizes=\"(max-width: 2048px) 100vw, 2048px\" \/>\t\t\t\t<\/a>\n\t\t\t\t\t\t\t<a href=\"#\" data-mfp-src=\"https:\/\/mockfest.pt\/wp-content\/uploads\/2025\/07\/IMG_8607-scaled.jpg\" class=\"ha-justified-grid__item ha-js-lightbox __fltr-1\" title=\"\">\n\t\t\t\t\t<img loading=\"lazy\" decoding=\"async\" width=\"2560\" height=\"2048\" src=\"https:\/\/mockfest.pt\/wp-content\/uploads\/2025\/07\/IMG_8607-scaled.jpg\" class=\"elementor-animation-grow\" alt=\"Humorista sendo entrevistado e fotografado no Worten Mock Fest em Lisboa, sorrindo diante do painel do festival de com\u00e9dia.\" srcset=\"https:\/\/mockfest.pt\/wp-content\/uploads\/2025\/07\/IMG_8607-scaled.jpg 2560w, https:\/\/mockfest.pt\/wp-content\/uploads\/2025\/07\/IMG_8607-300x240.jpg 300w, https:\/\/mockfest.pt\/wp-content\/uploads\/2025\/07\/IMG_8607-1024x819.jpg 1024w, https:\/\/mockfest.pt\/wp-content\/uploads\/2025\/07\/IMG_8607-768x614.jpg 768w, https:\/\/mockfest.pt\/wp-content\/uploads\/2025\/07\/IMG_8607-1536x1229.jpg 1536w, https:\/\/mockfest.pt\/wp-content\/uploads\/2025\/07\/IMG_8607-2048x1638.jpg 2048w, https:\/\/mockfest.pt\/wp-content\/uploads\/2025\/07\/IMG_8607-15x12.jpg 15w\" sizes=\"(max-width: 2560px) 100vw, 2560px\" \/>\t\t\t\t<\/a>\n\t\t\t\t\t\t\t<a href=\"#\" data-mfp-src=\"https:\/\/mockfest.pt\/wp-content\/uploads\/2025\/07\/IMG_8591-scaled.jpg\" class=\"ha-justified-grid__item ha-js-lightbox __fltr-1\" title=\"\">\n\t\t\t\t\t<img loading=\"lazy\" decoding=\"async\" width=\"2560\" height=\"2048\" src=\"https:\/\/mockfest.pt\/wp-content\/uploads\/2025\/07\/IMG_8591-scaled.jpg\" class=\"elementor-animation-grow\" alt=\"\" srcset=\"https:\/\/mockfest.pt\/wp-content\/uploads\/2025\/07\/IMG_8591-scaled.jpg 2560w, https:\/\/mockfest.pt\/wp-content\/uploads\/2025\/07\/IMG_8591-300x240.jpg 300w, https:\/\/mockfest.pt\/wp-content\/uploads\/2025\/07\/IMG_8591-1024x819.jpg 1024w, https:\/\/mockfest.pt\/wp-content\/uploads\/2025\/07\/IMG_8591-768x614.jpg 768w, https:\/\/mockfest.pt\/wp-content\/uploads\/2025\/07\/IMG_8591-1536x1229.jpg 1536w, https:\/\/mockfest.pt\/wp-content\/uploads\/2025\/07\/IMG_8591-2048x1638.jpg 2048w, https:\/\/mockfest.pt\/wp-content\/uploads\/2025\/07\/IMG_8591-15x12.jpg 15w\" sizes=\"(max-width: 2560px) 100vw, 2560px\" \/>\t\t\t\t<\/a>\n\t\t\t\t\t\t\t<a href=\"#\" data-mfp-src=\"https:\/\/mockfest.pt\/wp-content\/uploads\/2025\/07\/IMG_8586-scaled.jpg\" class=\"ha-justified-grid__item ha-js-lightbox __fltr-1\" title=\"\">\n\t\t\t\t\t<img loading=\"lazy\" decoding=\"async\" width=\"2048\" height=\"2560\" src=\"https:\/\/mockfest.pt\/wp-content\/uploads\/2025\/07\/IMG_8586-scaled.jpg\" class=\"elementor-animation-grow\" alt=\"\" srcset=\"https:\/\/mockfest.pt\/wp-content\/uploads\/2025\/07\/IMG_8586-scaled.jpg 2048w, https:\/\/mockfest.pt\/wp-content\/uploads\/2025\/07\/IMG_8586-240x300.jpg 240w, https:\/\/mockfest.pt\/wp-content\/uploads\/2025\/07\/IMG_8586-819x1024.jpg 819w, https:\/\/mockfest.pt\/wp-content\/uploads\/2025\/07\/IMG_8586-768x960.jpg 768w, https:\/\/mockfest.pt\/wp-content\/uploads\/2025\/07\/IMG_8586-1229x1536.jpg 1229w, https:\/\/mockfest.pt\/wp-content\/uploads\/2025\/07\/IMG_8586-1638x2048.jpg 1638w, https:\/\/mockfest.pt\/wp-content\/uploads\/2025\/07\/IMG_8586-10x12.jpg 10w\" sizes=\"(max-width: 2048px) 100vw, 2048px\" \/>\t\t\t\t<\/a>\n\t\t\t\t\t\t\t<a href=\"#\" data-mfp-src=\"https:\/\/mockfest.pt\/wp-content\/uploads\/2025\/07\/IMG_8581-scaled.jpg\" class=\"ha-justified-grid__item ha-js-lightbox __fltr-1\" title=\"\">\n\t\t\t\t\t<img loading=\"lazy\" decoding=\"async\" width=\"1707\" height=\"2560\" src=\"https:\/\/mockfest.pt\/wp-content\/uploads\/2025\/07\/IMG_8581-scaled.jpg\" class=\"elementor-animation-grow\" alt=\"\" srcset=\"https:\/\/mockfest.pt\/wp-content\/uploads\/2025\/07\/IMG_8581-scaled.jpg 1707w, https:\/\/mockfest.pt\/wp-content\/uploads\/2025\/07\/IMG_8581-200x300.jpg 200w, https:\/\/mockfest.pt\/wp-content\/uploads\/2025\/07\/IMG_8581-683x1024.jpg 683w, https:\/\/mockfest.pt\/wp-content\/uploads\/2025\/07\/IMG_8581-768x1152.jpg 768w, https:\/\/mockfest.pt\/wp-content\/uploads\/2025\/07\/IMG_8581-1024x1536.jpg 1024w, https:\/\/mockfest.pt\/wp-content\/uploads\/2025\/07\/IMG_8581-1365x2048.jpg 1365w, https:\/\/mockfest.pt\/wp-content\/uploads\/2025\/07\/IMG_8581-8x12.jpg 8w\" sizes=\"(max-width: 1707px) 100vw, 1707px\" \/>\t\t\t\t<\/a>\n\t\t\t\t\t\t\t<a href=\"#\" data-mfp-src=\"https:\/\/mockfest.pt\/wp-content\/uploads\/2025\/07\/IMG_8575-scaled.jpg\" class=\"ha-justified-grid__item ha-js-lightbox __fltr-1\" title=\"\">\n\t\t\t\t\t<img loading=\"lazy\" decoding=\"async\" width=\"2560\" height=\"1707\" src=\"https:\/\/mockfest.pt\/wp-content\/uploads\/2025\/07\/IMG_8575-scaled.jpg\" class=\"elementor-animation-grow\" alt=\"Uma cadeira vermelha vazia no palco com um microfone em cima do assento. Ao fundo, um ecr\u00e3 claro com texto desfocado e, no canto inferior direito, o logotipo do Worten Mock Fest.\" srcset=\"https:\/\/mockfest.pt\/wp-content\/uploads\/2025\/07\/IMG_8575-scaled.jpg 2560w, https:\/\/mockfest.pt\/wp-content\/uploads\/2025\/07\/IMG_8575-300x200.jpg 300w, https:\/\/mockfest.pt\/wp-content\/uploads\/2025\/07\/IMG_8575-1024x683.jpg 1024w, https:\/\/mockfest.pt\/wp-content\/uploads\/2025\/07\/IMG_8575-768x512.jpg 768w, https:\/\/mockfest.pt\/wp-content\/uploads\/2025\/07\/IMG_8575-1536x1024.jpg 1536w, https:\/\/mockfest.pt\/wp-content\/uploads\/2025\/07\/IMG_8575-2048x1365.jpg 2048w, https:\/\/mockfest.pt\/wp-content\/uploads\/2025\/07\/IMG_8575-18x12.jpg 18w\" sizes=\"(max-width: 2560px) 100vw, 2560px\" \/>\t\t\t\t<\/a>\n\t\t\t\t\t\t\t<a href=\"#\" data-mfp-src=\"https:\/\/mockfest.pt\/wp-content\/uploads\/2025\/07\/IMG_8573-scaled.jpg\" class=\"ha-justified-grid__item ha-js-lightbox __fltr-1\" title=\"\">\n\t\t\t\t\t<img loading=\"lazy\" decoding=\"async\" width=\"2560\" height=\"1707\" src=\"https:\/\/mockfest.pt\/wp-content\/uploads\/2025\/07\/IMG_8573-scaled.jpg\" class=\"elementor-animation-grow\" alt=\"Dois microfones e canecas da Funda\u00e7\u00e3o Francisco Manuel dos Santos em mesa do palco do Worten Mock Fest, com poltronas ao fundo e ilumina\u00e7\u00e3o em tons de vermelho.\" srcset=\"https:\/\/mockfest.pt\/wp-content\/uploads\/2025\/07\/IMG_8573-scaled.jpg 2560w, https:\/\/mockfest.pt\/wp-content\/uploads\/2025\/07\/IMG_8573-300x200.jpg 300w, https:\/\/mockfest.pt\/wp-content\/uploads\/2025\/07\/IMG_8573-1024x683.jpg 1024w, https:\/\/mockfest.pt\/wp-content\/uploads\/2025\/07\/IMG_8573-768x512.jpg 768w, https:\/\/mockfest.pt\/wp-content\/uploads\/2025\/07\/IMG_8573-1536x1024.jpg 1536w, https:\/\/mockfest.pt\/wp-content\/uploads\/2025\/07\/IMG_8573-2048x1365.jpg 2048w, https:\/\/mockfest.pt\/wp-content\/uploads\/2025\/07\/IMG_8573-18x12.jpg 18w\" sizes=\"(max-width: 2560px) 100vw, 2560px\" \/>\t\t\t\t<\/a>\n\t\t\t\t\t\t\t<a href=\"#\" data-mfp-src=\"https:\/\/mockfest.pt\/wp-content\/uploads\/2025\/07\/IMG_8571-scaled.jpg\" class=\"ha-justified-grid__item ha-js-lightbox __fltr-1\" title=\"\">\n\t\t\t\t\t<img loading=\"lazy\" decoding=\"async\" width=\"2560\" height=\"1707\" src=\"https:\/\/mockfest.pt\/wp-content\/uploads\/2025\/07\/IMG_8571-scaled.jpg\" class=\"elementor-animation-grow\" alt=\"\" srcset=\"https:\/\/mockfest.pt\/wp-content\/uploads\/2025\/07\/IMG_8571-scaled.jpg 2560w, https:\/\/mockfest.pt\/wp-content\/uploads\/2025\/07\/IMG_8571-300x200.jpg 300w, https:\/\/mockfest.pt\/wp-content\/uploads\/2025\/07\/IMG_8571-1024x683.jpg 1024w, https:\/\/mockfest.pt\/wp-content\/uploads\/2025\/07\/IMG_8571-768x512.jpg 768w, https:\/\/mockfest.pt\/wp-content\/uploads\/2025\/07\/IMG_8571-1536x1024.jpg 1536w, https:\/\/mockfest.pt\/wp-content\/uploads\/2025\/07\/IMG_8571-2048x1365.jpg 2048w, https:\/\/mockfest.pt\/wp-content\/uploads\/2025\/07\/IMG_8571-18x12.jpg 18w\" sizes=\"(max-width: 2560px) 100vw, 2560px\" \/>\t\t\t\t<\/a>\n\t\t\t\t\t\t\t<a href=\"#\" data-mfp-src=\"https:\/\/mockfest.pt\/wp-content\/uploads\/2025\/07\/IMG_8550-scaled.jpg\" class=\"ha-justified-grid__item ha-js-lightbox __fltr-1\" title=\"\">\n\t\t\t\t\t<img loading=\"lazy\" decoding=\"async\" width=\"2560\" height=\"2048\" src=\"https:\/\/mockfest.pt\/wp-content\/uploads\/2025\/07\/IMG_8550-scaled.jpg\" class=\"elementor-animation-grow\" alt=\"Debate ao vivo com quatro convidados sentados no palco do Worten Mock Fest, dois homens e uma mulher com microfones, ambiente de ilumina\u00e7\u00e3o vermelha e logotipo do festival no canto.\" srcset=\"https:\/\/mockfest.pt\/wp-content\/uploads\/2025\/07\/IMG_8550-scaled.jpg 2560w, https:\/\/mockfest.pt\/wp-content\/uploads\/2025\/07\/IMG_8550-300x240.jpg 300w, https:\/\/mockfest.pt\/wp-content\/uploads\/2025\/07\/IMG_8550-1024x819.jpg 1024w, https:\/\/mockfest.pt\/wp-content\/uploads\/2025\/07\/IMG_8550-768x614.jpg 768w, https:\/\/mockfest.pt\/wp-content\/uploads\/2025\/07\/IMG_8550-1536x1229.jpg 1536w, https:\/\/mockfest.pt\/wp-content\/uploads\/2025\/07\/IMG_8550-2048x1638.jpg 2048w, https:\/\/mockfest.pt\/wp-content\/uploads\/2025\/07\/IMG_8550-15x12.jpg 15w\" sizes=\"(max-width: 2560px) 100vw, 2560px\" \/>\t\t\t\t<\/a>\n\t\t\t\t\t\t\t<a href=\"#\" data-mfp-src=\"https:\/\/mockfest.pt\/wp-content\/uploads\/2025\/07\/IMG_8428-1-scaled.jpg\" class=\"ha-justified-grid__item ha-js-lightbox __fltr-1\" title=\"\">\n\t\t\t\t\t<img loading=\"lazy\" decoding=\"async\" width=\"2560\" height=\"2048\" src=\"https:\/\/mockfest.pt\/wp-content\/uploads\/2025\/07\/IMG_8428-1-scaled.jpg\" class=\"elementor-animation-grow\" alt=\"Painel de humoristas no palco do Worten Mock Fest em Lisboa, com p\u00fablico assistindo, proje\u00e7\u00e3o de retrato de artista e ilumina\u00e7\u00e3o de festival de com\u00e9dia ao vivo.\" srcset=\"https:\/\/mockfest.pt\/wp-content\/uploads\/2025\/07\/IMG_8428-1-scaled.jpg 2560w, https:\/\/mockfest.pt\/wp-content\/uploads\/2025\/07\/IMG_8428-1-300x240.jpg 300w, https:\/\/mockfest.pt\/wp-content\/uploads\/2025\/07\/IMG_8428-1-1024x819.jpg 1024w, https:\/\/mockfest.pt\/wp-content\/uploads\/2025\/07\/IMG_8428-1-768x614.jpg 768w, https:\/\/mockfest.pt\/wp-content\/uploads\/2025\/07\/IMG_8428-1-1536x1229.jpg 1536w, https:\/\/mockfest.pt\/wp-content\/uploads\/2025\/07\/IMG_8428-1-2048x1639.jpg 2048w, https:\/\/mockfest.pt\/wp-content\/uploads\/2025\/07\/IMG_8428-1-15x12.jpg 15w\" sizes=\"(max-width: 2560px) 100vw, 2560px\" \/>\t\t\t\t<\/a>\n\t\t\t\t\t\t\t<a href=\"#\" data-mfp-src=\"https:\/\/mockfest.pt\/wp-content\/uploads\/2025\/07\/IMG_8452-scaled.jpg\" class=\"ha-justified-grid__item ha-js-lightbox __fltr-1\" title=\"\">\n\t\t\t\t\t<img loading=\"lazy\" decoding=\"async\" width=\"2048\" height=\"2560\" src=\"https:\/\/mockfest.pt\/wp-content\/uploads\/2025\/07\/IMG_8452-scaled.jpg\" class=\"elementor-animation-grow\" alt=\"Painel de comediantes e convidados sentados no palco durante uma conversa no Worten Mock Fest, com express\u00f5es descontra\u00eddas e sorridentes.\" srcset=\"https:\/\/mockfest.pt\/wp-content\/uploads\/2025\/07\/IMG_8452-scaled.jpg 2048w, https:\/\/mockfest.pt\/wp-content\/uploads\/2025\/07\/IMG_8452-240x300.jpg 240w, https:\/\/mockfest.pt\/wp-content\/uploads\/2025\/07\/IMG_8452-819x1024.jpg 819w, https:\/\/mockfest.pt\/wp-content\/uploads\/2025\/07\/IMG_8452-768x960.jpg 768w, https:\/\/mockfest.pt\/wp-content\/uploads\/2025\/07\/IMG_8452-1229x1536.jpg 1229w, https:\/\/mockfest.pt\/wp-content\/uploads\/2025\/07\/IMG_8452-1639x2048.jpg 1639w, https:\/\/mockfest.pt\/wp-content\/uploads\/2025\/07\/IMG_8452-10x12.jpg 10w\" sizes=\"(max-width: 2048px) 100vw, 2048px\" \/>\t\t\t\t<\/a>\n\t\t\t\t\t\t\t<a href=\"#\" data-mfp-src=\"https:\/\/mockfest.pt\/wp-content\/uploads\/2025\/07\/IMG_8525-scaled.jpg\" class=\"ha-justified-grid__item ha-js-lightbox __fltr-1\" title=\"\">\n\t\t\t\t\t<img loading=\"lazy\" decoding=\"async\" width=\"2048\" height=\"2560\" src=\"https:\/\/mockfest.pt\/wp-content\/uploads\/2025\/07\/IMG_8525-scaled.jpg\" class=\"elementor-animation-grow\" alt=\"Comediante sentado no palco do Worten Mock Fest, sorrindo e segurando um microfone durante um painel do festival.\" srcset=\"https:\/\/mockfest.pt\/wp-content\/uploads\/2025\/07\/IMG_8525-scaled.jpg 2048w, https:\/\/mockfest.pt\/wp-content\/uploads\/2025\/07\/IMG_8525-240x300.jpg 240w, https:\/\/mockfest.pt\/wp-content\/uploads\/2025\/07\/IMG_8525-819x1024.jpg 819w, https:\/\/mockfest.pt\/wp-content\/uploads\/2025\/07\/IMG_8525-768x960.jpg 768w, https:\/\/mockfest.pt\/wp-content\/uploads\/2025\/07\/IMG_8525-1229x1536.jpg 1229w, https:\/\/mockfest.pt\/wp-content\/uploads\/2025\/07\/IMG_8525-1639x2048.jpg 1639w, https:\/\/mockfest.pt\/wp-content\/uploads\/2025\/07\/IMG_8525-10x12.jpg 10w\" sizes=\"(max-width: 2048px) 100vw, 2048px\" \/>\t\t\t\t<\/a>\n\t\t\t\t\t\t\t<a href=\"#\" data-mfp-src=\"https:\/\/mockfest.pt\/wp-content\/uploads\/2025\/07\/IMG_8508-scaled.jpg\" class=\"ha-justified-grid__item ha-js-lightbox __fltr-1\" title=\"\">\n\t\t\t\t\t<img loading=\"lazy\" decoding=\"async\" width=\"2560\" height=\"2048\" src=\"https:\/\/mockfest.pt\/wp-content\/uploads\/2025\/07\/IMG_8508-scaled.jpg\" class=\"elementor-animation-grow\" alt=\"Debate ao vivo com quatro convidados sentados no palco do Worten Mock Fest, dois homens e uma mulher com microfones, ambiente de ilumina\u00e7\u00e3o vermelha e logotipo do festival no canto.\" srcset=\"https:\/\/mockfest.pt\/wp-content\/uploads\/2025\/07\/IMG_8508-scaled.jpg 2560w, https:\/\/mockfest.pt\/wp-content\/uploads\/2025\/07\/IMG_8508-300x240.jpg 300w, https:\/\/mockfest.pt\/wp-content\/uploads\/2025\/07\/IMG_8508-1024x819.jpg 1024w, https:\/\/mockfest.pt\/wp-content\/uploads\/2025\/07\/IMG_8508-768x614.jpg 768w, https:\/\/mockfest.pt\/wp-content\/uploads\/2025\/07\/IMG_8508-1536x1229.jpg 1536w, https:\/\/mockfest.pt\/wp-content\/uploads\/2025\/07\/IMG_8508-2048x1638.jpg 2048w, https:\/\/mockfest.pt\/wp-content\/uploads\/2025\/07\/IMG_8508-15x12.jpg 15w\" sizes=\"(max-width: 2560px) 100vw, 2560px\" \/>\t\t\t\t<\/a>\n\t\t\t\t\t\t\t<a href=\"#\" data-mfp-src=\"https:\/\/mockfest.pt\/wp-content\/uploads\/2025\/07\/IMG_8351-scaled.jpg\" class=\"ha-justified-grid__item ha-js-lightbox __fltr-1\" title=\"\">\n\t\t\t\t\t<img loading=\"lazy\" decoding=\"async\" width=\"2560\" height=\"2048\" src=\"https:\/\/mockfest.pt\/wp-content\/uploads\/2025\/07\/IMG_8351-scaled.jpg\" class=\"elementor-animation-grow\" alt=\"\" srcset=\"https:\/\/mockfest.pt\/wp-content\/uploads\/2025\/07\/IMG_8351-scaled.jpg 2560w, https:\/\/mockfest.pt\/wp-content\/uploads\/2025\/07\/IMG_8351-300x240.jpg 300w, https:\/\/mockfest.pt\/wp-content\/uploads\/2025\/07\/IMG_8351-1024x819.jpg 1024w, https:\/\/mockfest.pt\/wp-content\/uploads\/2025\/07\/IMG_8351-768x614.jpg 768w, https:\/\/mockfest.pt\/wp-content\/uploads\/2025\/07\/IMG_8351-1536x1229.jpg 1536w, https:\/\/mockfest.pt\/wp-content\/uploads\/2025\/07\/IMG_8351-2048x1638.jpg 2048w, https:\/\/mockfest.pt\/wp-content\/uploads\/2025\/07\/IMG_8351-15x12.jpg 15w\" sizes=\"(max-width: 2560px) 100vw, 2560px\" \/>\t\t\t\t<\/a>\n\t\t\t\t\t\t\t<a href=\"#\" data-mfp-src=\"https:\/\/mockfest.pt\/wp-content\/uploads\/2025\/07\/IMG_8545-scaled.jpg\" class=\"ha-justified-grid__item ha-js-lightbox __fltr-1\" title=\"\">\n\t\t\t\t\t<img loading=\"lazy\" decoding=\"async\" width=\"2048\" height=\"2560\" src=\"https:\/\/mockfest.pt\/wp-content\/uploads\/2025\/07\/IMG_8545-scaled.jpg\" class=\"elementor-animation-grow\" alt=\"Painel de quatro oradores sentados no palco do Worten Mock Fest, todos com microfones\" srcset=\"https:\/\/mockfest.pt\/wp-content\/uploads\/2025\/07\/IMG_8545-scaled.jpg 2048w, https:\/\/mockfest.pt\/wp-content\/uploads\/2025\/07\/IMG_8545-240x300.jpg 240w, https:\/\/mockfest.pt\/wp-content\/uploads\/2025\/07\/IMG_8545-819x1024.jpg 819w, https:\/\/mockfest.pt\/wp-content\/uploads\/2025\/07\/IMG_8545-768x960.jpg 768w, https:\/\/mockfest.pt\/wp-content\/uploads\/2025\/07\/IMG_8545-1229x1536.jpg 1229w, https:\/\/mockfest.pt\/wp-content\/uploads\/2025\/07\/IMG_8545-1638x2048.jpg 1638w, https:\/\/mockfest.pt\/wp-content\/uploads\/2025\/07\/IMG_8545-10x12.jpg 10w\" sizes=\"(max-width: 2048px) 100vw, 2048px\" \/>\t\t\t\t<\/a>\n\t\t\t\t\t\t\t<a href=\"#\" data-mfp-src=\"https:\/\/mockfest.pt\/wp-content\/uploads\/2025\/07\/IMG_8404-scaled.jpg\" class=\"ha-justified-grid__item ha-js-lightbox __fltr-1\" title=\"\">\n\t\t\t\t\t<img loading=\"lazy\" decoding=\"async\" width=\"2560\" height=\"2048\" src=\"https:\/\/mockfest.pt\/wp-content\/uploads\/2025\/07\/IMG_8404-scaled.jpg\" class=\"elementor-animation-grow\" alt=\"Painel do Mock Fest com convidados sentados no palco assistindo a uma grande tela exibindo uma foto em preto e branco de tr\u00eas homens sorrindo, em ambiente descontra\u00eddo e p\u00fablico ao fundo.\" srcset=\"https:\/\/mockfest.pt\/wp-content\/uploads\/2025\/07\/IMG_8404-scaled.jpg 2560w, https:\/\/mockfest.pt\/wp-content\/uploads\/2025\/07\/IMG_8404-300x240.jpg 300w, https:\/\/mockfest.pt\/wp-content\/uploads\/2025\/07\/IMG_8404-1024x819.jpg 1024w, https:\/\/mockfest.pt\/wp-content\/uploads\/2025\/07\/IMG_8404-768x614.jpg 768w, https:\/\/mockfest.pt\/wp-content\/uploads\/2025\/07\/IMG_8404-1536x1229.jpg 1536w, https:\/\/mockfest.pt\/wp-content\/uploads\/2025\/07\/IMG_8404-2048x1638.jpg 2048w, https:\/\/mockfest.pt\/wp-content\/uploads\/2025\/07\/IMG_8404-15x12.jpg 15w\" sizes=\"(max-width: 2560px) 100vw, 2560px\" \/>\t\t\t\t<\/a>\n\t\t\t\t\t\t\t<a href=\"#\" data-mfp-src=\"https:\/\/mockfest.pt\/wp-content\/uploads\/2025\/07\/IMG_8362-scaled.jpg\" class=\"ha-justified-grid__item ha-js-lightbox __fltr-1\" title=\"\">\n\t\t\t\t\t<img loading=\"lazy\" decoding=\"async\" width=\"2560\" height=\"2048\" src=\"https:\/\/mockfest.pt\/wp-content\/uploads\/2025\/07\/IMG_8362-scaled.jpg\" class=\"elementor-animation-grow\" alt=\"Painel de discuss\u00e3o no Worten Mock Fest. Tr\u00eas pessoas conversam, duas segurando microfones, com express\u00e3o atenta e envolvida. O fundo traz o logo do evento e luzes coloridas\" srcset=\"https:\/\/mockfest.pt\/wp-content\/uploads\/2025\/07\/IMG_8362-scaled.jpg 2560w, https:\/\/mockfest.pt\/wp-content\/uploads\/2025\/07\/IMG_8362-300x240.jpg 300w, https:\/\/mockfest.pt\/wp-content\/uploads\/2025\/07\/IMG_8362-1024x819.jpg 1024w, https:\/\/mockfest.pt\/wp-content\/uploads\/2025\/07\/IMG_8362-768x614.jpg 768w, https:\/\/mockfest.pt\/wp-content\/uploads\/2025\/07\/IMG_8362-1536x1229.jpg 1536w, https:\/\/mockfest.pt\/wp-content\/uploads\/2025\/07\/IMG_8362-2048x1638.jpg 2048w, https:\/\/mockfest.pt\/wp-content\/uploads\/2025\/07\/IMG_8362-15x12.jpg 15w\" sizes=\"(max-width: 2560px) 100vw, 2560px\" \/>\t\t\t\t<\/a>\n\t\t\t\t\t\t\t<a href=\"#\" data-mfp-src=\"https:\/\/mockfest.pt\/wp-content\/uploads\/2025\/07\/IMG_8383-scaled.jpg\" class=\"ha-justified-grid__item ha-js-lightbox __fltr-1\" title=\"\">\n\t\t\t\t\t<img loading=\"lazy\" decoding=\"async\" width=\"2560\" height=\"2048\" src=\"https:\/\/mockfest.pt\/wp-content\/uploads\/2025\/07\/IMG_8383-scaled.jpg\" class=\"elementor-animation-grow\" alt=\"Painel de quatro oradores sentados no palco do Worten Mock Fest, todos com microfones, participando numa discuss\u00e3o em ambiente descontra\u00eddo.\" srcset=\"https:\/\/mockfest.pt\/wp-content\/uploads\/2025\/07\/IMG_8383-scaled.jpg 2560w, https:\/\/mockfest.pt\/wp-content\/uploads\/2025\/07\/IMG_8383-300x240.jpg 300w, https:\/\/mockfest.pt\/wp-content\/uploads\/2025\/07\/IMG_8383-1024x819.jpg 1024w, https:\/\/mockfest.pt\/wp-content\/uploads\/2025\/07\/IMG_8383-768x614.jpg 768w, https:\/\/mockfest.pt\/wp-content\/uploads\/2025\/07\/IMG_8383-1536x1229.jpg 1536w, https:\/\/mockfest.pt\/wp-content\/uploads\/2025\/07\/IMG_8383-2048x1638.jpg 2048w, https:\/\/mockfest.pt\/wp-content\/uploads\/2025\/07\/IMG_8383-15x12.jpg 15w\" sizes=\"(max-width: 2560px) 100vw, 2560px\" \/>\t\t\t\t<\/a>\n\t\t\t\t\t\t\t<a href=\"#\" data-mfp-src=\"https:\/\/mockfest.pt\/wp-content\/uploads\/2025\/07\/IMG_8366-1-scaled.jpg\" class=\"ha-justified-grid__item ha-js-lightbox __fltr-1\" title=\"\">\n\t\t\t\t\t<img loading=\"lazy\" decoding=\"async\" width=\"2560\" height=\"2048\" src=\"https:\/\/mockfest.pt\/wp-content\/uploads\/2025\/07\/IMG_8366-1-scaled.jpg\" class=\"elementor-animation-grow\" alt=\"Painel de quatro oradores sentados no palco do Worten Mock Fest\" srcset=\"https:\/\/mockfest.pt\/wp-content\/uploads\/2025\/07\/IMG_8366-1-scaled.jpg 2560w, https:\/\/mockfest.pt\/wp-content\/uploads\/2025\/07\/IMG_8366-1-300x240.jpg 300w, https:\/\/mockfest.pt\/wp-content\/uploads\/2025\/07\/IMG_8366-1-1024x819.jpg 1024w, https:\/\/mockfest.pt\/wp-content\/uploads\/2025\/07\/IMG_8366-1-768x614.jpg 768w, https:\/\/mockfest.pt\/wp-content\/uploads\/2025\/07\/IMG_8366-1-1536x1229.jpg 1536w, https:\/\/mockfest.pt\/wp-content\/uploads\/2025\/07\/IMG_8366-1-2048x1638.jpg 2048w, https:\/\/mockfest.pt\/wp-content\/uploads\/2025\/07\/IMG_8366-1-15x12.jpg 15w\" sizes=\"(max-width: 2560px) 100vw, 2560px\" \/>\t\t\t\t<\/a>\n\t\t\t\t\t\t\t<a href=\"#\" data-mfp-src=\"https:\/\/mockfest.pt\/wp-content\/uploads\/2025\/07\/IMG_8385-scaled.jpg\" class=\"ha-justified-grid__item ha-js-lightbox __fltr-1\" title=\"\">\n\t\t\t\t\t<img loading=\"lazy\" decoding=\"async\" width=\"2560\" height=\"2048\" src=\"https:\/\/mockfest.pt\/wp-content\/uploads\/2025\/07\/IMG_8385-scaled.jpg\" class=\"elementor-animation-grow\" alt=\"P\u00fablico atento assistindo a uma apresenta\u00e7\u00e3o durante o Mock Fest, com destaque para um homem careca e de barba na plateia.\" srcset=\"https:\/\/mockfest.pt\/wp-content\/uploads\/2025\/07\/IMG_8385-scaled.jpg 2560w, https:\/\/mockfest.pt\/wp-content\/uploads\/2025\/07\/IMG_8385-300x240.jpg 300w, https:\/\/mockfest.pt\/wp-content\/uploads\/2025\/07\/IMG_8385-1024x819.jpg 1024w, https:\/\/mockfest.pt\/wp-content\/uploads\/2025\/07\/IMG_8385-768x614.jpg 768w, https:\/\/mockfest.pt\/wp-content\/uploads\/2025\/07\/IMG_8385-1536x1229.jpg 1536w, https:\/\/mockfest.pt\/wp-content\/uploads\/2025\/07\/IMG_8385-2048x1638.jpg 2048w, https:\/\/mockfest.pt\/wp-content\/uploads\/2025\/07\/IMG_8385-15x12.jpg 15w\" sizes=\"(max-width: 2560px) 100vw, 2560px\" \/>\t\t\t\t<\/a>\n\t\t\t\t\t\t\t<a href=\"#\" data-mfp-src=\"https:\/\/mockfest.pt\/wp-content\/uploads\/2025\/07\/IMG_8531-scaled.jpg\" class=\"ha-justified-grid__item ha-js-lightbox __fltr-1\" title=\"\">\n\t\t\t\t\t<img loading=\"lazy\" decoding=\"async\" width=\"2048\" height=\"2560\" src=\"https:\/\/mockfest.pt\/wp-content\/uploads\/2025\/07\/IMG_8531-scaled.jpg\" class=\"elementor-animation-grow\" alt=\"Painel de discuss\u00e3o no Worten Mock Fest. Tr\u00eas pessoas conversam, duas segurando microfones, com express\u00e3o atenta e envolvida. O fundo traz o logo do evento e luzes coloridas, criando um ambiente descontra\u00eddo e criativo.\" srcset=\"https:\/\/mockfest.pt\/wp-content\/uploads\/2025\/07\/IMG_8531-scaled.jpg 2048w, https:\/\/mockfest.pt\/wp-content\/uploads\/2025\/07\/IMG_8531-240x300.jpg 240w, https:\/\/mockfest.pt\/wp-content\/uploads\/2025\/07\/IMG_8531-819x1024.jpg 819w, https:\/\/mockfest.pt\/wp-content\/uploads\/2025\/07\/IMG_8531-768x960.jpg 768w, https:\/\/mockfest.pt\/wp-content\/uploads\/2025\/07\/IMG_8531-1229x1536.jpg 1229w, https:\/\/mockfest.pt\/wp-content\/uploads\/2025\/07\/IMG_8531-1638x2048.jpg 1638w, https:\/\/mockfest.pt\/wp-content\/uploads\/2025\/07\/IMG_8531-10x12.jpg 10w\" sizes=\"(max-width: 2048px) 100vw, 2048px\" \/>\t\t\t\t<\/a>\n\t\t\t\t\t\t\t<a href=\"#\" data-mfp-src=\"https:\/\/mockfest.pt\/wp-content\/uploads\/2025\/07\/IMG_8325-scaled.jpg\" class=\"ha-justified-grid__item ha-js-lightbox __fltr-1\" title=\"\">\n\t\t\t\t\t<img loading=\"lazy\" decoding=\"async\" width=\"1707\" height=\"2560\" src=\"https:\/\/mockfest.pt\/wp-content\/uploads\/2025\/07\/IMG_8325-scaled.jpg\" class=\"elementor-animation-grow\" alt=\"Rep\u00f3rter do canal SIC entrevistando um dos comediantes do Mock Fest, ambos sorrindo durante a grava\u00e7\u00e3o no recinto do festival.\" srcset=\"https:\/\/mockfest.pt\/wp-content\/uploads\/2025\/07\/IMG_8325-scaled.jpg 1707w, https:\/\/mockfest.pt\/wp-content\/uploads\/2025\/07\/IMG_8325-200x300.jpg 200w, https:\/\/mockfest.pt\/wp-content\/uploads\/2025\/07\/IMG_8325-683x1024.jpg 683w, https:\/\/mockfest.pt\/wp-content\/uploads\/2025\/07\/IMG_8325-768x1152.jpg 768w, https:\/\/mockfest.pt\/wp-content\/uploads\/2025\/07\/IMG_8325-1024x1536.jpg 1024w, https:\/\/mockfest.pt\/wp-content\/uploads\/2025\/07\/IMG_8325-1365x2048.jpg 1365w, https:\/\/mockfest.pt\/wp-content\/uploads\/2025\/07\/IMG_8325-8x12.jpg 8w\" sizes=\"(max-width: 1707px) 100vw, 1707px\" \/>\t\t\t\t<\/a>\n\t\t\t\t\t\t\t<a href=\"#\" data-mfp-src=\"https:\/\/mockfest.pt\/wp-content\/uploads\/2025\/07\/IMG_8312-scaled.jpg\" class=\"ha-justified-grid__item ha-js-lightbox __fltr-1\" title=\"\">\n\t\t\t\t\t<img loading=\"lazy\" decoding=\"async\" width=\"2560\" height=\"2048\" src=\"https:\/\/mockfest.pt\/wp-content\/uploads\/2025\/07\/IMG_8312-scaled.jpg\" class=\"elementor-animation-grow\" alt=\"\" srcset=\"https:\/\/mockfest.pt\/wp-content\/uploads\/2025\/07\/IMG_8312-scaled.jpg 2560w, https:\/\/mockfest.pt\/wp-content\/uploads\/2025\/07\/IMG_8312-300x240.jpg 300w, https:\/\/mockfest.pt\/wp-content\/uploads\/2025\/07\/IMG_8312-1024x819.jpg 1024w, https:\/\/mockfest.pt\/wp-content\/uploads\/2025\/07\/IMG_8312-768x614.jpg 768w, https:\/\/mockfest.pt\/wp-content\/uploads\/2025\/07\/IMG_8312-1536x1229.jpg 1536w, https:\/\/mockfest.pt\/wp-content\/uploads\/2025\/07\/IMG_8312-2048x1638.jpg 2048w, https:\/\/mockfest.pt\/wp-content\/uploads\/2025\/07\/IMG_8312-15x12.jpg 15w\" sizes=\"(max-width: 2560px) 100vw, 2560px\" \/>\t\t\t\t<\/a>\n\t\t\t\t\t\t\t<a href=\"#\" data-mfp-src=\"https:\/\/mockfest.pt\/wp-content\/uploads\/2025\/07\/IMG_8299-scaled.jpg\" class=\"ha-justified-grid__item ha-js-lightbox __fltr-1\" title=\"\">\n\t\t\t\t\t<img loading=\"lazy\" decoding=\"async\" width=\"2560\" height=\"1707\" src=\"https:\/\/mockfest.pt\/wp-content\/uploads\/2025\/07\/IMG_8299-scaled.jpg\" class=\"elementor-animation-grow\" alt=\"P\u00fablico circulando e conversando ap\u00f3s uma palestra no Worten Mock Fest. Ambiente descontra\u00eddo, ilumina\u00e7\u00e3o colorida e clima de festival. Ao fundo, o slogan: \u201cMais um festival? S\u00f3 pode ser a gozar.\" srcset=\"https:\/\/mockfest.pt\/wp-content\/uploads\/2025\/07\/IMG_8299-scaled.jpg 2560w, https:\/\/mockfest.pt\/wp-content\/uploads\/2025\/07\/IMG_8299-300x200.jpg 300w, https:\/\/mockfest.pt\/wp-content\/uploads\/2025\/07\/IMG_8299-1024x683.jpg 1024w, https:\/\/mockfest.pt\/wp-content\/uploads\/2025\/07\/IMG_8299-768x512.jpg 768w, https:\/\/mockfest.pt\/wp-content\/uploads\/2025\/07\/IMG_8299-1536x1024.jpg 1536w, https:\/\/mockfest.pt\/wp-content\/uploads\/2025\/07\/IMG_8299-2048x1365.jpg 2048w, https:\/\/mockfest.pt\/wp-content\/uploads\/2025\/07\/IMG_8299-18x12.jpg 18w\" sizes=\"(max-width: 2560px) 100vw, 2560px\" \/>\t\t\t\t<\/a>\n\t\t\t\t\t\t\t<a href=\"#\" data-mfp-src=\"https:\/\/mockfest.pt\/wp-content\/uploads\/2025\/07\/IMG_8290-scaled.jpg\" class=\"ha-justified-grid__item ha-js-lightbox __fltr-1\" title=\"\">\n\t\t\t\t\t<img loading=\"lazy\" decoding=\"async\" width=\"2560\" height=\"2048\" src=\"https:\/\/mockfest.pt\/wp-content\/uploads\/2025\/07\/IMG_8290-scaled.jpg\" class=\"elementor-animation-grow\" alt=\"Participantes do Mock Fest interagindo e conversando em uma \u00e1rea de cadeiras e palco, com ilumina\u00e7\u00e3o de festival e o letreiro \u201cS\u00f3 pode ser a gozar\u201d ao fundo.\" srcset=\"https:\/\/mockfest.pt\/wp-content\/uploads\/2025\/07\/IMG_8290-scaled.jpg 2560w, https:\/\/mockfest.pt\/wp-content\/uploads\/2025\/07\/IMG_8290-300x240.jpg 300w, https:\/\/mockfest.pt\/wp-content\/uploads\/2025\/07\/IMG_8290-1024x819.jpg 1024w, https:\/\/mockfest.pt\/wp-content\/uploads\/2025\/07\/IMG_8290-768x614.jpg 768w, https:\/\/mockfest.pt\/wp-content\/uploads\/2025\/07\/IMG_8290-1536x1229.jpg 1536w, https:\/\/mockfest.pt\/wp-content\/uploads\/2025\/07\/IMG_8290-2048x1638.jpg 2048w, https:\/\/mockfest.pt\/wp-content\/uploads\/2025\/07\/IMG_8290-15x12.jpg 15w\" sizes=\"(max-width: 2560px) 100vw, 2560px\" \/>\t\t\t\t<\/a>\n\t\t\t\t\t\t\t<a href=\"#\" data-mfp-src=\"https:\/\/mockfest.pt\/wp-content\/uploads\/2025\/07\/IMG_8281-scaled.jpg\" class=\"ha-justified-grid__item ha-js-lightbox __fltr-1\" title=\"\">\n\t\t\t\t\t<img loading=\"lazy\" decoding=\"async\" width=\"2560\" height=\"1707\" src=\"https:\/\/mockfest.pt\/wp-content\/uploads\/2025\/07\/IMG_8281-scaled.jpg\" class=\"elementor-animation-grow\" alt=\"Parede rosa com o logotipo do Worten Mock Fest e o slogan \u201cS\u00f3 pode ser a gozar\u201d, junto aos logotipos dos meios oficiais SIC Not\u00edcias e R\u00e1dio Comercial.\" srcset=\"https:\/\/mockfest.pt\/wp-content\/uploads\/2025\/07\/IMG_8281-scaled.jpg 2560w, https:\/\/mockfest.pt\/wp-content\/uploads\/2025\/07\/IMG_8281-300x200.jpg 300w, https:\/\/mockfest.pt\/wp-content\/uploads\/2025\/07\/IMG_8281-1024x683.jpg 1024w, https:\/\/mockfest.pt\/wp-content\/uploads\/2025\/07\/IMG_8281-768x512.jpg 768w, https:\/\/mockfest.pt\/wp-content\/uploads\/2025\/07\/IMG_8281-1536x1024.jpg 1536w, https:\/\/mockfest.pt\/wp-content\/uploads\/2025\/07\/IMG_8281-2048x1365.jpg 2048w, https:\/\/mockfest.pt\/wp-content\/uploads\/2025\/07\/IMG_8281-18x12.jpg 18w\" sizes=\"(max-width: 2560px) 100vw, 2560px\" \/>\t\t\t\t<\/a>\n\t\t\t\t\t\t\t<a href=\"#\" data-mfp-src=\"https:\/\/mockfest.pt\/wp-content\/uploads\/2025\/07\/IMG_8278-scaled.jpg\" class=\"ha-justified-grid__item ha-js-lightbox __fltr-1\" title=\"\">\n\t\t\t\t\t<img loading=\"lazy\" decoding=\"async\" width=\"2048\" height=\"2560\" src=\"https:\/\/mockfest.pt\/wp-content\/uploads\/2025\/07\/IMG_8278-scaled.jpg\" class=\"elementor-animation-grow\" alt=\"Super Bock drink\" srcset=\"https:\/\/mockfest.pt\/wp-content\/uploads\/2025\/07\/IMG_8278-scaled.jpg 2048w, https:\/\/mockfest.pt\/wp-content\/uploads\/2025\/07\/IMG_8278-240x300.jpg 240w, https:\/\/mockfest.pt\/wp-content\/uploads\/2025\/07\/IMG_8278-819x1024.jpg 819w, https:\/\/mockfest.pt\/wp-content\/uploads\/2025\/07\/IMG_8278-768x960.jpg 768w, https:\/\/mockfest.pt\/wp-content\/uploads\/2025\/07\/IMG_8278-1229x1536.jpg 1229w, https:\/\/mockfest.pt\/wp-content\/uploads\/2025\/07\/IMG_8278-1638x2048.jpg 1638w, https:\/\/mockfest.pt\/wp-content\/uploads\/2025\/07\/IMG_8278-10x12.jpg 10w\" sizes=\"(max-width: 2048px) 100vw, 2048px\" \/>\t\t\t\t<\/a>\n\t\t\t\t\t\t\t<a href=\"#\" data-mfp-src=\"https:\/\/mockfest.pt\/wp-content\/uploads\/2025\/07\/DSC04689-scaled.jpg\" class=\"ha-justified-grid__item ha-js-lightbox __fltr-1\" title=\"\">\n\t\t\t\t\t<img loading=\"lazy\" decoding=\"async\" width=\"2560\" height=\"2048\" src=\"https:\/\/mockfest.pt\/wp-content\/uploads\/2025\/07\/DSC04689-scaled.jpg\" class=\"elementor-animation-grow\" alt=\"Comediantes no palco do Worten Mock Fest em um painel animado, sorrindo e conversando diante de uma plateia, com um grande logotipo vermelho em destaque \u00e0 frente.\" srcset=\"https:\/\/mockfest.pt\/wp-content\/uploads\/2025\/07\/DSC04689-scaled.jpg 2560w, https:\/\/mockfest.pt\/wp-content\/uploads\/2025\/07\/DSC04689-300x240.jpg 300w, https:\/\/mockfest.pt\/wp-content\/uploads\/2025\/07\/DSC04689-1024x819.jpg 1024w, https:\/\/mockfest.pt\/wp-content\/uploads\/2025\/07\/DSC04689-768x614.jpg 768w, https:\/\/mockfest.pt\/wp-content\/uploads\/2025\/07\/DSC04689-1536x1229.jpg 1536w, https:\/\/mockfest.pt\/wp-content\/uploads\/2025\/07\/DSC04689-2048x1638.jpg 2048w, https:\/\/mockfest.pt\/wp-content\/uploads\/2025\/07\/DSC04689-15x12.jpg 15w\" sizes=\"(max-width: 2560px) 100vw, 2560px\" \/>\t\t\t\t<\/a>\n\t\t\t\t\t\t\t<a href=\"#\" data-mfp-src=\"https:\/\/mockfest.pt\/wp-content\/uploads\/2025\/07\/DSC04700-scaled.jpg\" class=\"ha-justified-grid__item ha-js-lightbox __fltr-1\" title=\"\">\n\t\t\t\t\t<img loading=\"lazy\" decoding=\"async\" width=\"2560\" height=\"1707\" src=\"https:\/\/mockfest.pt\/wp-content\/uploads\/2025\/07\/DSC04700-scaled.jpg\" class=\"elementor-animation-grow\" alt=\"Painel de comediantes e convidados sentados no palco durante uma conversa no Worten Mock Fest\" srcset=\"https:\/\/mockfest.pt\/wp-content\/uploads\/2025\/07\/DSC04700-scaled.jpg 2560w, https:\/\/mockfest.pt\/wp-content\/uploads\/2025\/07\/DSC04700-300x200.jpg 300w, https:\/\/mockfest.pt\/wp-content\/uploads\/2025\/07\/DSC04700-1024x683.jpg 1024w, https:\/\/mockfest.pt\/wp-content\/uploads\/2025\/07\/DSC04700-768x512.jpg 768w, https:\/\/mockfest.pt\/wp-content\/uploads\/2025\/07\/DSC04700-1536x1024.jpg 1536w, https:\/\/mockfest.pt\/wp-content\/uploads\/2025\/07\/DSC04700-2048x1365.jpg 2048w, https:\/\/mockfest.pt\/wp-content\/uploads\/2025\/07\/DSC04700-18x12.jpg 18w\" sizes=\"(max-width: 2560px) 100vw, 2560px\" \/>\t\t\t\t<\/a>\n\t\t\t\t\t\t\t<a href=\"#\" data-mfp-src=\"https:\/\/mockfest.pt\/wp-content\/uploads\/2025\/07\/DSC04708-scaled.jpg\" class=\"ha-justified-grid__item ha-js-lightbox __fltr-1\" title=\"\">\n\t\t\t\t\t<img loading=\"lazy\" decoding=\"async\" width=\"2560\" height=\"2048\" src=\"https:\/\/mockfest.pt\/wp-content\/uploads\/2025\/07\/DSC04708-scaled.jpg\" class=\"elementor-animation-grow\" alt=\"Plateia de pessoas assistindo atentamente \u00e0s apresenta\u00e7\u00f5es no Mock Fest, sob ilumina\u00e7\u00e3o de festival, em ambiente interno.\" srcset=\"https:\/\/mockfest.pt\/wp-content\/uploads\/2025\/07\/DSC04708-scaled.jpg 2560w, https:\/\/mockfest.pt\/wp-content\/uploads\/2025\/07\/DSC04708-300x240.jpg 300w, https:\/\/mockfest.pt\/wp-content\/uploads\/2025\/07\/DSC04708-1024x819.jpg 1024w, https:\/\/mockfest.pt\/wp-content\/uploads\/2025\/07\/DSC04708-768x614.jpg 768w, https:\/\/mockfest.pt\/wp-content\/uploads\/2025\/07\/DSC04708-1536x1229.jpg 1536w, https:\/\/mockfest.pt\/wp-content\/uploads\/2025\/07\/DSC04708-2048x1638.jpg 2048w, https:\/\/mockfest.pt\/wp-content\/uploads\/2025\/07\/DSC04708-15x12.jpg 15w\" sizes=\"(max-width: 2560px) 100vw, 2560px\" \/>\t\t\t\t<\/a>\n\t\t\t\t\t\t\t<a href=\"#\" data-mfp-src=\"https:\/\/mockfest.pt\/wp-content\/uploads\/2025\/07\/DSC04727-scaled.jpg\" class=\"ha-justified-grid__item ha-js-lightbox __fltr-1\" title=\"\">\n\t\t\t\t\t<img loading=\"lazy\" decoding=\"async\" width=\"2048\" height=\"2560\" src=\"https:\/\/mockfest.pt\/wp-content\/uploads\/2025\/07\/DSC04727-scaled.jpg\" class=\"elementor-animation-grow\" alt=\"Painel de comediantes e convidados sentados no palco durante uma conversa no Worten Mock Fest, com express\u00f5es descontra\u00eddas e sorridentes.\" srcset=\"https:\/\/mockfest.pt\/wp-content\/uploads\/2025\/07\/DSC04727-scaled.jpg 2048w, https:\/\/mockfest.pt\/wp-content\/uploads\/2025\/07\/DSC04727-240x300.jpg 240w, https:\/\/mockfest.pt\/wp-content\/uploads\/2025\/07\/DSC04727-819x1024.jpg 819w, https:\/\/mockfest.pt\/wp-content\/uploads\/2025\/07\/DSC04727-768x960.jpg 768w, https:\/\/mockfest.pt\/wp-content\/uploads\/2025\/07\/DSC04727-1229x1536.jpg 1229w, https:\/\/mockfest.pt\/wp-content\/uploads\/2025\/07\/DSC04727-1638x2048.jpg 1638w, https:\/\/mockfest.pt\/wp-content\/uploads\/2025\/07\/DSC04727-10x12.jpg 10w\" sizes=\"(max-width: 2048px) 100vw, 2048px\" \/>\t\t\t\t<\/a>\n\t\t\t\t\t\t\t<a href=\"#\" data-mfp-src=\"https:\/\/mockfest.pt\/wp-content\/uploads\/2025\/07\/IMG_8268-scaled.jpg\" class=\"ha-justified-grid__item ha-js-lightbox __fltr-1\" title=\"\">\n\t\t\t\t\t<img loading=\"lazy\" decoding=\"async\" width=\"2560\" height=\"1978\" src=\"https:\/\/mockfest.pt\/wp-content\/uploads\/2025\/07\/IMG_8268-scaled.jpg\" class=\"elementor-animation-grow\" alt=\"\" srcset=\"https:\/\/mockfest.pt\/wp-content\/uploads\/2025\/07\/IMG_8268-scaled.jpg 2560w, https:\/\/mockfest.pt\/wp-content\/uploads\/2025\/07\/IMG_8268-300x232.jpg 300w, https:\/\/mockfest.pt\/wp-content\/uploads\/2025\/07\/IMG_8268-1024x791.jpg 1024w, https:\/\/mockfest.pt\/wp-content\/uploads\/2025\/07\/IMG_8268-768x593.jpg 768w, https:\/\/mockfest.pt\/wp-content\/uploads\/2025\/07\/IMG_8268-1536x1187.jpg 1536w, https:\/\/mockfest.pt\/wp-content\/uploads\/2025\/07\/IMG_8268-2048x1582.jpg 2048w, https:\/\/mockfest.pt\/wp-content\/uploads\/2025\/07\/IMG_8268-16x12.jpg 16w\" sizes=\"(max-width: 2560px) 100vw, 2560px\" \/>\t\t\t\t<\/a>\n\t\t\t\t\t\t\t<a href=\"#\" data-mfp-src=\"https:\/\/mockfest.pt\/wp-content\/uploads\/2025\/07\/IMG_8270-scaled.jpg\" class=\"ha-justified-grid__item ha-js-lightbox __fltr-1\" title=\"\">\n\t\t\t\t\t<img loading=\"lazy\" decoding=\"async\" width=\"1978\" height=\"2560\" src=\"https:\/\/mockfest.pt\/wp-content\/uploads\/2025\/07\/IMG_8270-scaled.jpg\" class=\"elementor-animation-grow\" alt=\"Parede rosa com o logotipo do Worten Mock Fest e o slogan \u201cS\u00f3 pode ser a gozar\u201d, junto aos logotipos dos meios oficiais SIC Not\u00edcias e R\u00e1dio Comercial.\" srcset=\"https:\/\/mockfest.pt\/wp-content\/uploads\/2025\/07\/IMG_8270-scaled.jpg 1978w, https:\/\/mockfest.pt\/wp-content\/uploads\/2025\/07\/IMG_8270-232x300.jpg 232w, https:\/\/mockfest.pt\/wp-content\/uploads\/2025\/07\/IMG_8270-791x1024.jpg 791w, https:\/\/mockfest.pt\/wp-content\/uploads\/2025\/07\/IMG_8270-768x994.jpg 768w, https:\/\/mockfest.pt\/wp-content\/uploads\/2025\/07\/IMG_8270-1187x1536.jpg 1187w, https:\/\/mockfest.pt\/wp-content\/uploads\/2025\/07\/IMG_8270-1583x2048.jpg 1583w, https:\/\/mockfest.pt\/wp-content\/uploads\/2025\/07\/IMG_8270-9x12.jpg 9w\" sizes=\"(max-width: 1978px) 100vw, 1978px\" \/>\t\t\t\t<\/a>\n\t\t\t\t\t\t\t<a href=\"#\" data-mfp-src=\"https:\/\/mockfest.pt\/wp-content\/uploads\/2025\/07\/DSC04680-scaled.jpg\" class=\"ha-justified-grid__item ha-js-lightbox __fltr-1\" title=\"\">\n\t\t\t\t\t<img loading=\"lazy\" decoding=\"async\" width=\"2560\" height=\"2048\" src=\"https:\/\/mockfest.pt\/wp-content\/uploads\/2025\/07\/DSC04680-scaled.jpg\" class=\"elementor-animation-grow\" alt=\"Plateia do Worten Mock Fest com pessoas sentadas e atentas ao evento, em ambiente iluminado com luzes vermelhas e o slogan \u201cS\u00f3 pode ser a gozar\u201d vis\u00edvel ao fundo.\" srcset=\"https:\/\/mockfest.pt\/wp-content\/uploads\/2025\/07\/DSC04680-scaled.jpg 2560w, https:\/\/mockfest.pt\/wp-content\/uploads\/2025\/07\/DSC04680-300x240.jpg 300w, https:\/\/mockfest.pt\/wp-content\/uploads\/2025\/07\/DSC04680-1024x819.jpg 1024w, https:\/\/mockfest.pt\/wp-content\/uploads\/2025\/07\/DSC04680-768x614.jpg 768w, https:\/\/mockfest.pt\/wp-content\/uploads\/2025\/07\/DSC04680-1536x1229.jpg 1536w, https:\/\/mockfest.pt\/wp-content\/uploads\/2025\/07\/DSC04680-2048x1638.jpg 2048w, https:\/\/mockfest.pt\/wp-content\/uploads\/2025\/07\/DSC04680-15x12.jpg 15w\" sizes=\"(max-width: 2560px) 100vw, 2560px\" \/>\t\t\t\t<\/a>\n\t\t\t\t\t\t\t<a href=\"#\" data-mfp-src=\"https:\/\/mockfest.pt\/wp-content\/uploads\/2025\/07\/DSC04667-scaled.jpg\" class=\"ha-justified-grid__item ha-js-lightbox __fltr-1\" title=\"\">\n\t\t\t\t\t<img loading=\"lazy\" decoding=\"async\" width=\"2560\" height=\"2048\" src=\"https:\/\/mockfest.pt\/wp-content\/uploads\/2025\/07\/DSC04667-scaled.jpg\" class=\"elementor-animation-grow\" alt=\"Entrevista no Worten Mock Fest. Rep\u00f3rter da SIC faz perguntas para um dos participantes do evento, que responde com express\u00e3o s\u00e9ria. Cena descontra\u00edda, t\u00edpica de cobertura de festival de com\u00e9dia.\" srcset=\"https:\/\/mockfest.pt\/wp-content\/uploads\/2025\/07\/DSC04667-scaled.jpg 2560w, https:\/\/mockfest.pt\/wp-content\/uploads\/2025\/07\/DSC04667-300x240.jpg 300w, https:\/\/mockfest.pt\/wp-content\/uploads\/2025\/07\/DSC04667-1024x819.jpg 1024w, https:\/\/mockfest.pt\/wp-content\/uploads\/2025\/07\/DSC04667-768x614.jpg 768w, https:\/\/mockfest.pt\/wp-content\/uploads\/2025\/07\/DSC04667-1536x1229.jpg 1536w, https:\/\/mockfest.pt\/wp-content\/uploads\/2025\/07\/DSC04667-2048x1638.jpg 2048w, https:\/\/mockfest.pt\/wp-content\/uploads\/2025\/07\/DSC04667-15x12.jpg 15w\" sizes=\"(max-width: 2560px) 100vw, 2560px\" \/>\t\t\t\t<\/a>\n\t\t\t\t\t\t\t<a href=\"#\" data-mfp-src=\"https:\/\/mockfest.pt\/wp-content\/uploads\/2025\/07\/DSC04666-scaled.jpg\" class=\"ha-justified-grid__item ha-js-lightbox __fltr-1\" title=\"\">\n\t\t\t\t\t<img loading=\"lazy\" decoding=\"async\" width=\"2560\" height=\"2048\" src=\"https:\/\/mockfest.pt\/wp-content\/uploads\/2025\/07\/DSC04666-scaled.jpg\" class=\"elementor-animation-grow\" alt=\"Participantes conversam e interagem no audit\u00f3rio do Worten Mock Fest, destacando o ambiente descontra\u00eddo do festival de com\u00e9dia.\" srcset=\"https:\/\/mockfest.pt\/wp-content\/uploads\/2025\/07\/DSC04666-scaled.jpg 2560w, https:\/\/mockfest.pt\/wp-content\/uploads\/2025\/07\/DSC04666-300x240.jpg 300w, https:\/\/mockfest.pt\/wp-content\/uploads\/2025\/07\/DSC04666-1024x819.jpg 1024w, https:\/\/mockfest.pt\/wp-content\/uploads\/2025\/07\/DSC04666-768x614.jpg 768w, https:\/\/mockfest.pt\/wp-content\/uploads\/2025\/07\/DSC04666-1536x1229.jpg 1536w, https:\/\/mockfest.pt\/wp-content\/uploads\/2025\/07\/DSC04666-2048x1638.jpg 2048w, https:\/\/mockfest.pt\/wp-content\/uploads\/2025\/07\/DSC04666-15x12.jpg 15w\" sizes=\"(max-width: 2560px) 100vw, 2560px\" \/>\t\t\t\t<\/a>\n\t\t\t\t\t\t\t<a href=\"#\" data-mfp-src=\"https:\/\/mockfest.pt\/wp-content\/uploads\/2025\/07\/DSC04659-scaled.jpg\" class=\"ha-justified-grid__item ha-js-lightbox __fltr-1\" title=\"\">\n\t\t\t\t\t<img loading=\"lazy\" decoding=\"async\" width=\"2048\" height=\"2560\" src=\"https:\/\/mockfest.pt\/wp-content\/uploads\/2025\/07\/DSC04659-scaled.jpg\" class=\"elementor-animation-grow\" alt=\"Super Bock\" srcset=\"https:\/\/mockfest.pt\/wp-content\/uploads\/2025\/07\/DSC04659-scaled.jpg 2048w, https:\/\/mockfest.pt\/wp-content\/uploads\/2025\/07\/DSC04659-240x300.jpg 240w, https:\/\/mockfest.pt\/wp-content\/uploads\/2025\/07\/DSC04659-819x1024.jpg 819w, https:\/\/mockfest.pt\/wp-content\/uploads\/2025\/07\/DSC04659-768x960.jpg 768w, https:\/\/mockfest.pt\/wp-content\/uploads\/2025\/07\/DSC04659-1229x1536.jpg 1229w, https:\/\/mockfest.pt\/wp-content\/uploads\/2025\/07\/DSC04659-1638x2048.jpg 1638w, https:\/\/mockfest.pt\/wp-content\/uploads\/2025\/07\/DSC04659-10x12.jpg 10w\" sizes=\"(max-width: 2048px) 100vw, 2048px\" \/>\t\t\t\t<\/a>\n\t\t\t\t\t\t\t<a href=\"#\" data-mfp-src=\"https:\/\/mockfest.pt\/wp-content\/uploads\/2025\/07\/DSC04654-scaled.jpg\" class=\"ha-justified-grid__item ha-js-lightbox __fltr-1\" title=\"\">\n\t\t\t\t\t<img loading=\"lazy\" decoding=\"async\" width=\"2560\" height=\"2048\" src=\"https:\/\/mockfest.pt\/wp-content\/uploads\/2025\/07\/DSC04654-scaled.jpg\" class=\"elementor-animation-grow\" alt=\"Participante do Worten Mock Fest sentado, concentrado no celular, aguardando o in\u00edcio das atividades. Ambiente descontra\u00eddo e moderno do evento.\" srcset=\"https:\/\/mockfest.pt\/wp-content\/uploads\/2025\/07\/DSC04654-scaled.jpg 2560w, https:\/\/mockfest.pt\/wp-content\/uploads\/2025\/07\/DSC04654-300x240.jpg 300w, https:\/\/mockfest.pt\/wp-content\/uploads\/2025\/07\/DSC04654-1024x819.jpg 1024w, https:\/\/mockfest.pt\/wp-content\/uploads\/2025\/07\/DSC04654-768x614.jpg 768w, https:\/\/mockfest.pt\/wp-content\/uploads\/2025\/07\/DSC04654-1536x1229.jpg 1536w, https:\/\/mockfest.pt\/wp-content\/uploads\/2025\/07\/DSC04654-2048x1638.jpg 2048w, https:\/\/mockfest.pt\/wp-content\/uploads\/2025\/07\/DSC04654-15x12.jpg 15w\" sizes=\"(max-width: 2560px) 100vw, 2560px\" \/>\t\t\t\t<\/a>\n\t\t\t\t\t\t\t<a href=\"#\" data-mfp-src=\"https:\/\/mockfest.pt\/wp-content\/uploads\/2025\/07\/DSC04651-scaled.jpg\" class=\"ha-justified-grid__item ha-js-lightbox __fltr-1\" title=\"\">\n\t\t\t\t\t<img loading=\"lazy\" decoding=\"async\" width=\"2560\" height=\"2048\" src=\"https:\/\/mockfest.pt\/wp-content\/uploads\/2025\/07\/DSC04651-scaled.jpg\" class=\"elementor-animation-grow\" alt=\"Sala de eventos do Mock Fest com cadeiras vazias em destaque, algumas pessoas conversando ao fundo e ilumina\u00e7\u00e3o de festival, criando um ambiente descontra\u00eddo antes do in\u00edcio das apresenta\u00e7\u00f5es.\" srcset=\"https:\/\/mockfest.pt\/wp-content\/uploads\/2025\/07\/DSC04651-scaled.jpg 2560w, https:\/\/mockfest.pt\/wp-content\/uploads\/2025\/07\/DSC04651-300x240.jpg 300w, https:\/\/mockfest.pt\/wp-content\/uploads\/2025\/07\/DSC04651-1024x819.jpg 1024w, https:\/\/mockfest.pt\/wp-content\/uploads\/2025\/07\/DSC04651-768x614.jpg 768w, https:\/\/mockfest.pt\/wp-content\/uploads\/2025\/07\/DSC04651-1536x1229.jpg 1536w, https:\/\/mockfest.pt\/wp-content\/uploads\/2025\/07\/DSC04651-2048x1638.jpg 2048w, https:\/\/mockfest.pt\/wp-content\/uploads\/2025\/07\/DSC04651-15x12.jpg 15w\" sizes=\"(max-width: 2560px) 100vw, 2560px\" \/>\t\t\t\t<\/a>\n\t\t\t\t\t\t\t<a href=\"#\" data-mfp-src=\"https:\/\/mockfest.pt\/wp-content\/uploads\/2025\/07\/DSC04613-scaled.jpg\" class=\"ha-justified-grid__item ha-js-lightbox __fltr-1\" title=\"\">\n\t\t\t\t\t<img loading=\"lazy\" decoding=\"async\" width=\"2560\" height=\"2048\" src=\"https:\/\/mockfest.pt\/wp-content\/uploads\/2025\/07\/DSC04613-scaled.jpg\" class=\"elementor-animation-grow\" alt=\"Mesa de palco com o logo vermelho da Worten em destaque, duas canecas pretas da Funda\u00e7\u00e3o Francisco Manuel dos Santos, duas garrafas de cerveja Super Bock e tr\u00eas cadeiras vazias ao fundo. No ecr\u00e3, v\u00ea-se parte de uma faixa com o texto \u201cPROJETA O FUTURO\u201d. No canto direito, o logotipo do Worten Mock Fest.\" srcset=\"https:\/\/mockfest.pt\/wp-content\/uploads\/2025\/07\/DSC04613-scaled.jpg 2560w, https:\/\/mockfest.pt\/wp-content\/uploads\/2025\/07\/DSC04613-300x240.jpg 300w, https:\/\/mockfest.pt\/wp-content\/uploads\/2025\/07\/DSC04613-1024x819.jpg 1024w, https:\/\/mockfest.pt\/wp-content\/uploads\/2025\/07\/DSC04613-768x614.jpg 768w, https:\/\/mockfest.pt\/wp-content\/uploads\/2025\/07\/DSC04613-1536x1229.jpg 1536w, https:\/\/mockfest.pt\/wp-content\/uploads\/2025\/07\/DSC04613-2048x1638.jpg 2048w, https:\/\/mockfest.pt\/wp-content\/uploads\/2025\/07\/DSC04613-15x12.jpg 15w\" sizes=\"(max-width: 2560px) 100vw, 2560px\" \/>\t\t\t\t<\/a>\n\t\t\t\t\t\t\t<a href=\"#\" data-mfp-src=\"https:\/\/mockfest.pt\/wp-content\/uploads\/2025\/07\/DSC04620-scaled.jpg\" class=\"ha-justified-grid__item ha-js-lightbox __fltr-1\" title=\"\">\n\t\t\t\t\t<img loading=\"lazy\" decoding=\"async\" width=\"2560\" height=\"2048\" src=\"https:\/\/mockfest.pt\/wp-content\/uploads\/2025\/07\/DSC04620-scaled.jpg\" class=\"elementor-animation-grow\" alt=\"Cubo azul com o logotipo da Funda\u00e7\u00e3o Francisco Manuel dos Santos, exposto como parte do evento Worten Mock Fest.\" srcset=\"https:\/\/mockfest.pt\/wp-content\/uploads\/2025\/07\/DSC04620-scaled.jpg 2560w, https:\/\/mockfest.pt\/wp-content\/uploads\/2025\/07\/DSC04620-300x240.jpg 300w, https:\/\/mockfest.pt\/wp-content\/uploads\/2025\/07\/DSC04620-1024x819.jpg 1024w, https:\/\/mockfest.pt\/wp-content\/uploads\/2025\/07\/DSC04620-768x614.jpg 768w, https:\/\/mockfest.pt\/wp-content\/uploads\/2025\/07\/DSC04620-1536x1229.jpg 1536w, https:\/\/mockfest.pt\/wp-content\/uploads\/2025\/07\/DSC04620-2048x1639.jpg 2048w, https:\/\/mockfest.pt\/wp-content\/uploads\/2025\/07\/DSC04620-15x12.jpg 15w\" sizes=\"(max-width: 2560px) 100vw, 2560px\" \/>\t\t\t\t<\/a>\n\t\t\t\t\t\t\t<a href=\"#\" data-mfp-src=\"https:\/\/mockfest.pt\/wp-content\/uploads\/2025\/07\/DSC04623-scaled.jpg\" class=\"ha-justified-grid__item ha-js-lightbox __fltr-1\" title=\"\">\n\t\t\t\t\t<img loading=\"lazy\" decoding=\"async\" width=\"2560\" height=\"1978\" src=\"https:\/\/mockfest.pt\/wp-content\/uploads\/2025\/07\/DSC04623-scaled.jpg\" class=\"elementor-animation-grow\" alt=\"\" srcset=\"https:\/\/mockfest.pt\/wp-content\/uploads\/2025\/07\/DSC04623-scaled.jpg 2560w, https:\/\/mockfest.pt\/wp-content\/uploads\/2025\/07\/DSC04623-300x232.jpg 300w, https:\/\/mockfest.pt\/wp-content\/uploads\/2025\/07\/DSC04623-1024x791.jpg 1024w, https:\/\/mockfest.pt\/wp-content\/uploads\/2025\/07\/DSC04623-768x593.jpg 768w, https:\/\/mockfest.pt\/wp-content\/uploads\/2025\/07\/DSC04623-1536x1187.jpg 1536w, https:\/\/mockfest.pt\/wp-content\/uploads\/2025\/07\/DSC04623-2048x1583.jpg 2048w, https:\/\/mockfest.pt\/wp-content\/uploads\/2025\/07\/DSC04623-16x12.jpg 16w\" sizes=\"(max-width: 2560px) 100vw, 2560px\" \/>\t\t\t\t<\/a>\n\t\t\t\t\t\t\t<a href=\"#\" data-mfp-src=\"https:\/\/mockfest.pt\/wp-content\/uploads\/2025\/07\/DSC04628-scaled.jpg\" class=\"ha-justified-grid__item ha-js-lightbox __fltr-1\" title=\"\">\n\t\t\t\t\t<img loading=\"lazy\" decoding=\"async\" width=\"2560\" height=\"2048\" src=\"https:\/\/mockfest.pt\/wp-content\/uploads\/2025\/07\/DSC04628-scaled.jpg\" class=\"elementor-animation-grow\" alt=\"Plateia assistindo apresenta\u00e7\u00e3o humor\u00edstica com cen\u00e1rio projetado no palco do Worten Mock Fest em Lisboa, com luzes e atmosfera de festival de com\u00e9dia ao vivo.\" srcset=\"https:\/\/mockfest.pt\/wp-content\/uploads\/2025\/07\/DSC04628-scaled.jpg 2560w, https:\/\/mockfest.pt\/wp-content\/uploads\/2025\/07\/DSC04628-300x240.jpg 300w, https:\/\/mockfest.pt\/wp-content\/uploads\/2025\/07\/DSC04628-1024x819.jpg 1024w, https:\/\/mockfest.pt\/wp-content\/uploads\/2025\/07\/DSC04628-768x614.jpg 768w, https:\/\/mockfest.pt\/wp-content\/uploads\/2025\/07\/DSC04628-1536x1229.jpg 1536w, https:\/\/mockfest.pt\/wp-content\/uploads\/2025\/07\/DSC04628-2048x1639.jpg 2048w, https:\/\/mockfest.pt\/wp-content\/uploads\/2025\/07\/DSC04628-15x12.jpg 15w\" sizes=\"(max-width: 2560px) 100vw, 2560px\" \/>\t\t\t\t<\/a>\n\t\t\t\t\t\t\t<a href=\"#\" data-mfp-src=\"https:\/\/mockfest.pt\/wp-content\/uploads\/2025\/07\/DSC04643-scaled.jpg\" class=\"ha-justified-grid__item ha-js-lightbox __fltr-1\" title=\"\">\n\t\t\t\t\t<img loading=\"lazy\" decoding=\"async\" width=\"2560\" height=\"2048\" src=\"https:\/\/mockfest.pt\/wp-content\/uploads\/2025\/07\/DSC04643-scaled.jpg\" class=\"elementor-animation-grow\" alt=\"Palco principal do Worten Mock Fest iluminado com luzes vermelhas, cadeiras vazias e tela grande ao fundo com o logotipo do evento.\" srcset=\"https:\/\/mockfest.pt\/wp-content\/uploads\/2025\/07\/DSC04643-scaled.jpg 2560w, https:\/\/mockfest.pt\/wp-content\/uploads\/2025\/07\/DSC04643-300x240.jpg 300w, https:\/\/mockfest.pt\/wp-content\/uploads\/2025\/07\/DSC04643-1024x819.jpg 1024w, https:\/\/mockfest.pt\/wp-content\/uploads\/2025\/07\/DSC04643-768x614.jpg 768w, https:\/\/mockfest.pt\/wp-content\/uploads\/2025\/07\/DSC04643-1536x1229.jpg 1536w, https:\/\/mockfest.pt\/wp-content\/uploads\/2025\/07\/DSC04643-2048x1638.jpg 2048w, https:\/\/mockfest.pt\/wp-content\/uploads\/2025\/07\/DSC04643-15x12.jpg 15w\" sizes=\"(max-width: 2560px) 100vw, 2560px\" \/>\t\t\t\t<\/a>\n\t\t\t\t\t\t\t<a href=\"#\" data-mfp-src=\"https:\/\/mockfest.pt\/wp-content\/uploads\/2025\/07\/DSC04650-scaled.jpg\" class=\"ha-justified-grid__item ha-js-lightbox __fltr-1\" title=\"\">\n\t\t\t\t\t<img loading=\"lazy\" decoding=\"async\" width=\"2560\" height=\"2048\" src=\"https:\/\/mockfest.pt\/wp-content\/uploads\/2025\/07\/DSC04650-scaled.jpg\" class=\"elementor-animation-grow\" alt=\"Ecr\u00e3 iluminado no Worten Mock Fest com o nome do apresentador Guilherme e o logotipo do festival, com foco em luzes e imagem em preto e branco do host.\" srcset=\"https:\/\/mockfest.pt\/wp-content\/uploads\/2025\/07\/DSC04650-scaled.jpg 2560w, https:\/\/mockfest.pt\/wp-content\/uploads\/2025\/07\/DSC04650-300x240.jpg 300w, https:\/\/mockfest.pt\/wp-content\/uploads\/2025\/07\/DSC04650-1024x819.jpg 1024w, https:\/\/mockfest.pt\/wp-content\/uploads\/2025\/07\/DSC04650-768x614.jpg 768w, https:\/\/mockfest.pt\/wp-content\/uploads\/2025\/07\/DSC04650-1536x1229.jpg 1536w, https:\/\/mockfest.pt\/wp-content\/uploads\/2025\/07\/DSC04650-2048x1638.jpg 2048w, https:\/\/mockfest.pt\/wp-content\/uploads\/2025\/07\/DSC04650-15x12.jpg 15w\" sizes=\"(max-width: 2560px) 100vw, 2560px\" \/>\t\t\t\t<\/a>\n\t\t\t\t\t\t\t<a href=\"#\" data-mfp-src=\"https:\/\/mockfest.pt\/wp-content\/uploads\/2025\/07\/IMG_8654-scaled.jpg\" class=\"ha-justified-grid__item ha-js-lightbox __fltr-1\" title=\"\">\n\t\t\t\t\t<img loading=\"lazy\" decoding=\"async\" width=\"2560\" height=\"2048\" src=\"https:\/\/mockfest.pt\/wp-content\/uploads\/2025\/07\/IMG_8654-scaled.jpg\" class=\"elementor-animation-grow\" alt=\"Ricardo, participante do Mock Fest, usando crach\u00e1 e microfone de lapela, conversa com outra pessoa durante o festival de com\u00e9dia.\" srcset=\"https:\/\/mockfest.pt\/wp-content\/uploads\/2025\/07\/IMG_8654-scaled.jpg 2560w, https:\/\/mockfest.pt\/wp-content\/uploads\/2025\/07\/IMG_8654-300x240.jpg 300w, https:\/\/mockfest.pt\/wp-content\/uploads\/2025\/07\/IMG_8654-1024x819.jpg 1024w, https:\/\/mockfest.pt\/wp-content\/uploads\/2025\/07\/IMG_8654-768x614.jpg 768w, https:\/\/mockfest.pt\/wp-content\/uploads\/2025\/07\/IMG_8654-1536x1229.jpg 1536w, https:\/\/mockfest.pt\/wp-content\/uploads\/2025\/07\/IMG_8654-2048x1638.jpg 2048w, https:\/\/mockfest.pt\/wp-content\/uploads\/2025\/07\/IMG_8654-15x12.jpg 15w\" sizes=\"(max-width: 2560px) 100vw, 2560px\" \/>\t\t\t\t<\/a>\n\t\t\t\t\t\t\t<a href=\"#\" data-mfp-src=\"https:\/\/mockfest.pt\/wp-content\/uploads\/2025\/07\/IMG_8629-scaled.jpg\" class=\"ha-justified-grid__item ha-js-lightbox __fltr-1\" title=\"\">\n\t\t\t\t\t<img loading=\"lazy\" decoding=\"async\" width=\"2048\" height=\"2560\" src=\"https:\/\/mockfest.pt\/wp-content\/uploads\/2025\/07\/IMG_8629-scaled.jpg\" class=\"elementor-animation-grow\" alt=\"Interview\" srcset=\"https:\/\/mockfest.pt\/wp-content\/uploads\/2025\/07\/IMG_8629-scaled.jpg 2048w, https:\/\/mockfest.pt\/wp-content\/uploads\/2025\/07\/IMG_8629-240x300.jpg 240w, https:\/\/mockfest.pt\/wp-content\/uploads\/2025\/07\/IMG_8629-819x1024.jpg 819w, https:\/\/mockfest.pt\/wp-content\/uploads\/2025\/07\/IMG_8629-768x960.jpg 768w, https:\/\/mockfest.pt\/wp-content\/uploads\/2025\/07\/IMG_8629-1229x1536.jpg 1229w, https:\/\/mockfest.pt\/wp-content\/uploads\/2025\/07\/IMG_8629-1638x2048.jpg 1638w, https:\/\/mockfest.pt\/wp-content\/uploads\/2025\/07\/IMG_8629-10x12.jpg 10w\" sizes=\"(max-width: 2048px) 100vw, 2048px\" \/>\t\t\t\t<\/a>\n\t\t\t\t\t\t\t<a href=\"#\" data-mfp-src=\"https:\/\/mockfest.pt\/wp-content\/uploads\/2025\/07\/IMG_8622-scaled.jpg\" class=\"ha-justified-grid__item ha-js-lightbox __fltr-1\" title=\"\">\n\t\t\t\t\t<img loading=\"lazy\" decoding=\"async\" width=\"2560\" height=\"2048\" src=\"https:\/\/mockfest.pt\/wp-content\/uploads\/2025\/07\/IMG_8622-scaled.jpg\" class=\"elementor-animation-grow\" alt=\"Dois apresentadores do Mock Fest, sorrindo no palco durante uma entrevista, com microfone na m\u00e3o e fundo vermelho com o logo do festival.\" srcset=\"https:\/\/mockfest.pt\/wp-content\/uploads\/2025\/07\/IMG_8622-scaled.jpg 2560w, https:\/\/mockfest.pt\/wp-content\/uploads\/2025\/07\/IMG_8622-300x240.jpg 300w, https:\/\/mockfest.pt\/wp-content\/uploads\/2025\/07\/IMG_8622-1024x819.jpg 1024w, https:\/\/mockfest.pt\/wp-content\/uploads\/2025\/07\/IMG_8622-768x614.jpg 768w, https:\/\/mockfest.pt\/wp-content\/uploads\/2025\/07\/IMG_8622-1536x1229.jpg 1536w, https:\/\/mockfest.pt\/wp-content\/uploads\/2025\/07\/IMG_8622-2048x1638.jpg 2048w, https:\/\/mockfest.pt\/wp-content\/uploads\/2025\/07\/IMG_8622-15x12.jpg 15w\" sizes=\"(max-width: 2560px) 100vw, 2560px\" \/>\t\t\t\t<\/a>\n\t\t\t\t\t\t\t<a href=\"#\" data-mfp-src=\"https:\/\/mockfest.pt\/wp-content\/uploads\/2025\/07\/IMG_8609-scaled.jpg\" class=\"ha-justified-grid__item ha-js-lightbox __fltr-1\" title=\"\">\n\t\t\t\t\t<img loading=\"lazy\" decoding=\"async\" width=\"2560\" height=\"2048\" src=\"https:\/\/mockfest.pt\/wp-content\/uploads\/2025\/07\/IMG_8609-scaled.jpg\" class=\"elementor-animation-grow\" alt=\"Humorista sendo entrevistado e fotografado no Worten Mock Fest em Lisboa, sorrindo diante do painel do festival de com\u00e9dia.\" srcset=\"https:\/\/mockfest.pt\/wp-content\/uploads\/2025\/07\/IMG_8609-scaled.jpg 2560w, https:\/\/mockfest.pt\/wp-content\/uploads\/2025\/07\/IMG_8609-300x240.jpg 300w, https:\/\/mockfest.pt\/wp-content\/uploads\/2025\/07\/IMG_8609-1024x819.jpg 1024w, https:\/\/mockfest.pt\/wp-content\/uploads\/2025\/07\/IMG_8609-768x614.jpg 768w, https:\/\/mockfest.pt\/wp-content\/uploads\/2025\/07\/IMG_8609-1536x1229.jpg 1536w, https:\/\/mockfest.pt\/wp-content\/uploads\/2025\/07\/IMG_8609-2048x1638.jpg 2048w, https:\/\/mockfest.pt\/wp-content\/uploads\/2025\/07\/IMG_8609-15x12.jpg 15w\" sizes=\"(max-width: 2560px) 100vw, 2560px\" \/>\t\t\t\t<\/a>\n\t\t\t\t\t\t\t<a href=\"#\" data-mfp-src=\"https:\/\/mockfest.pt\/wp-content\/uploads\/2025\/07\/IMG_8560-scaled.jpg\" class=\"ha-justified-grid__item ha-js-lightbox __fltr-1\" title=\"\">\n\t\t\t\t\t<img loading=\"lazy\" decoding=\"async\" width=\"2560\" height=\"1920\" src=\"https:\/\/mockfest.pt\/wp-content\/uploads\/2025\/07\/IMG_8560-scaled.jpg\" class=\"elementor-animation-grow\" alt=\"Painel de convidados no palco do Worten Mock Fest, com quatro pessoas sentadas em cadeiras discutindo, microfones nas m\u00e3os, p\u00fablico em primeiro plano e logotipo do festival ao fundo.\" srcset=\"https:\/\/mockfest.pt\/wp-content\/uploads\/2025\/07\/IMG_8560-scaled.jpg 2560w, https:\/\/mockfest.pt\/wp-content\/uploads\/2025\/07\/IMG_8560-300x225.jpg 300w, https:\/\/mockfest.pt\/wp-content\/uploads\/2025\/07\/IMG_8560-1024x768.jpg 1024w, https:\/\/mockfest.pt\/wp-content\/uploads\/2025\/07\/IMG_8560-768x576.jpg 768w, https:\/\/mockfest.pt\/wp-content\/uploads\/2025\/07\/IMG_8560-1536x1152.jpg 1536w, https:\/\/mockfest.pt\/wp-content\/uploads\/2025\/07\/IMG_8560-2048x1536.jpg 2048w, https:\/\/mockfest.pt\/wp-content\/uploads\/2025\/07\/IMG_8560-16x12.jpg 16w\" sizes=\"(max-width: 2560px) 100vw, 2560px\" \/>\t\t\t\t<\/a>\n\t\t\t\t\t\t\t<a href=\"#\" data-mfp-src=\"https:\/\/mockfest.pt\/wp-content\/uploads\/2025\/07\/IMG_8473-scaled.jpg\" class=\"ha-justified-grid__item ha-js-lightbox __fltr-1\" title=\"\">\n\t\t\t\t\t<img loading=\"lazy\" decoding=\"async\" width=\"2048\" height=\"2560\" src=\"https:\/\/mockfest.pt\/wp-content\/uploads\/2025\/07\/IMG_8473-scaled.jpg\" class=\"elementor-animation-grow\" alt=\"Painel de quatro oradores sentados no palco do Worten Mock Fest, todos com microfones, participando numa discuss\u00e3o em ambiente descontra\u00eddo.\" srcset=\"https:\/\/mockfest.pt\/wp-content\/uploads\/2025\/07\/IMG_8473-scaled.jpg 2048w, https:\/\/mockfest.pt\/wp-content\/uploads\/2025\/07\/IMG_8473-240x300.jpg 240w, https:\/\/mockfest.pt\/wp-content\/uploads\/2025\/07\/IMG_8473-819x1024.jpg 819w, https:\/\/mockfest.pt\/wp-content\/uploads\/2025\/07\/IMG_8473-768x960.jpg 768w, https:\/\/mockfest.pt\/wp-content\/uploads\/2025\/07\/IMG_8473-1229x1536.jpg 1229w, https:\/\/mockfest.pt\/wp-content\/uploads\/2025\/07\/IMG_8473-1638x2048.jpg 1638w, https:\/\/mockfest.pt\/wp-content\/uploads\/2025\/07\/IMG_8473-10x12.jpg 10w\" sizes=\"(max-width: 2048px) 100vw, 2048px\" \/>\t\t\t\t<\/a>\n\t\t\t\t\t\t\t<a href=\"#\" data-mfp-src=\"https:\/\/mockfest.pt\/wp-content\/uploads\/2025\/07\/IMG_8418-scaled.jpg\" class=\"ha-justified-grid__item ha-js-lightbox __fltr-1\" title=\"\">\n\t\t\t\t\t<img loading=\"lazy\" decoding=\"async\" width=\"2048\" height=\"2560\" src=\"https:\/\/mockfest.pt\/wp-content\/uploads\/2025\/07\/IMG_8418-scaled.jpg\" class=\"elementor-animation-grow\" alt=\"Comediantes no palco do Worten Mock Fest em um painel animado, sorrindo e conversando diante de uma plateia.\" srcset=\"https:\/\/mockfest.pt\/wp-content\/uploads\/2025\/07\/IMG_8418-scaled.jpg 2048w, https:\/\/mockfest.pt\/wp-content\/uploads\/2025\/07\/IMG_8418-240x300.jpg 240w, https:\/\/mockfest.pt\/wp-content\/uploads\/2025\/07\/IMG_8418-819x1024.jpg 819w, https:\/\/mockfest.pt\/wp-content\/uploads\/2025\/07\/IMG_8418-768x960.jpg 768w, https:\/\/mockfest.pt\/wp-content\/uploads\/2025\/07\/IMG_8418-1229x1536.jpg 1229w, https:\/\/mockfest.pt\/wp-content\/uploads\/2025\/07\/IMG_8418-1638x2048.jpg 1638w, https:\/\/mockfest.pt\/wp-content\/uploads\/2025\/07\/IMG_8418-10x12.jpg 10w\" sizes=\"(max-width: 2048px) 100vw, 2048px\" \/>\t\t\t\t<\/a>\n\t\t\t\t\t\t\t<a href=\"#\" data-mfp-src=\"https:\/\/mockfest.pt\/wp-content\/uploads\/2025\/07\/IMG_8420-scaled.jpg\" class=\"ha-justified-grid__item ha-js-lightbox __fltr-1\" title=\"\">\n\t\t\t\t\t<img loading=\"lazy\" decoding=\"async\" width=\"2560\" height=\"2048\" src=\"https:\/\/mockfest.pt\/wp-content\/uploads\/2025\/07\/IMG_8420-scaled.jpg\" class=\"elementor-animation-grow\" alt=\"Ecr\u00e3 LED do Worten Mock Fest destacando o log\u00f3tipo do festival, o nome da sala Manoel de Oliveira e Palco Super Bock, com ilumina\u00e7\u00e3o colorida de palco.\" srcset=\"https:\/\/mockfest.pt\/wp-content\/uploads\/2025\/07\/IMG_8420-scaled.jpg 2560w, https:\/\/mockfest.pt\/wp-content\/uploads\/2025\/07\/IMG_8420-300x240.jpg 300w, https:\/\/mockfest.pt\/wp-content\/uploads\/2025\/07\/IMG_8420-1024x819.jpg 1024w, https:\/\/mockfest.pt\/wp-content\/uploads\/2025\/07\/IMG_8420-768x614.jpg 768w, https:\/\/mockfest.pt\/wp-content\/uploads\/2025\/07\/IMG_8420-1536x1229.jpg 1536w, https:\/\/mockfest.pt\/wp-content\/uploads\/2025\/07\/IMG_8420-2048x1638.jpg 2048w, https:\/\/mockfest.pt\/wp-content\/uploads\/2025\/07\/IMG_8420-15x12.jpg 15w\" sizes=\"(max-width: 2560px) 100vw, 2560px\" \/>\t\t\t\t<\/a>\n\t\t\t\t\t\t\t<a href=\"#\" data-mfp-src=\"https:\/\/mockfest.pt\/wp-content\/uploads\/2025\/07\/IMG_8425-Enhanced-NR-scaled.jpg\" class=\"ha-justified-grid__item ha-js-lightbox __fltr-1\" title=\"\">\n\t\t\t\t\t<img loading=\"lazy\" decoding=\"async\" width=\"2560\" height=\"1920\" src=\"https:\/\/mockfest.pt\/wp-content\/uploads\/2025\/07\/IMG_8425-Enhanced-NR-scaled.jpg\" class=\"elementor-animation-grow\" alt=\"Humorista sendo entrevistado e fotografado no Worten Mock Fest em Lisboa, sorrindo diante do painel do festival de com\u00e9dia.\" srcset=\"https:\/\/mockfest.pt\/wp-content\/uploads\/2025\/07\/IMG_8425-Enhanced-NR-scaled.jpg 2560w, https:\/\/mockfest.pt\/wp-content\/uploads\/2025\/07\/IMG_8425-Enhanced-NR-300x225.jpg 300w, https:\/\/mockfest.pt\/wp-content\/uploads\/2025\/07\/IMG_8425-Enhanced-NR-1024x768.jpg 1024w, https:\/\/mockfest.pt\/wp-content\/uploads\/2025\/07\/IMG_8425-Enhanced-NR-768x576.jpg 768w, https:\/\/mockfest.pt\/wp-content\/uploads\/2025\/07\/IMG_8425-Enhanced-NR-1536x1152.jpg 1536w, https:\/\/mockfest.pt\/wp-content\/uploads\/2025\/07\/IMG_8425-Enhanced-NR-2048x1536.jpg 2048w, https:\/\/mockfest.pt\/wp-content\/uploads\/2025\/07\/IMG_8425-Enhanced-NR-16x12.jpg 16w\" sizes=\"(max-width: 2560px) 100vw, 2560px\" \/>\t\t\t\t<\/a>\n\t\t\t\t\t\t\t<a href=\"#\" data-mfp-src=\"https:\/\/mockfest.pt\/wp-content\/uploads\/2025\/07\/IMG_8426-scaled.jpg\" class=\"ha-justified-grid__item ha-js-lightbox __fltr-1\" title=\"\">\n\t\t\t\t\t<img loading=\"lazy\" decoding=\"async\" width=\"2560\" height=\"1920\" src=\"https:\/\/mockfest.pt\/wp-content\/uploads\/2025\/07\/IMG_8426-scaled.jpg\" class=\"elementor-animation-grow\" alt=\"Parede rosa com o logotipo do Worten Mock Fest e o slogan \u201cS\u00f3 pode ser a gozar\u201d, junto aos logotipos dos meios oficiais SIC Not\u00edcias e R\u00e1dio Comercial.\" srcset=\"https:\/\/mockfest.pt\/wp-content\/uploads\/2025\/07\/IMG_8426-scaled.jpg 2560w, https:\/\/mockfest.pt\/wp-content\/uploads\/2025\/07\/IMG_8426-300x225.jpg 300w, https:\/\/mockfest.pt\/wp-content\/uploads\/2025\/07\/IMG_8426-1024x768.jpg 1024w, https:\/\/mockfest.pt\/wp-content\/uploads\/2025\/07\/IMG_8426-768x576.jpg 768w, https:\/\/mockfest.pt\/wp-content\/uploads\/2025\/07\/IMG_8426-1536x1152.jpg 1536w, https:\/\/mockfest.pt\/wp-content\/uploads\/2025\/07\/IMG_8426-2048x1536.jpg 2048w, https:\/\/mockfest.pt\/wp-content\/uploads\/2025\/07\/IMG_8426-16x12.jpg 16w\" sizes=\"(max-width: 2560px) 100vw, 2560px\" \/>\t\t\t\t<\/a>\n\t\t\t\t\t\t\t<a href=\"#\" data-mfp-src=\"https:\/\/mockfest.pt\/wp-content\/uploads\/2025\/07\/IMG_8428-scaled.jpg\" class=\"ha-justified-grid__item ha-js-lightbox __fltr-1\" title=\"\">\n\t\t\t\t\t<img loading=\"lazy\" decoding=\"async\" width=\"2560\" height=\"1920\" src=\"https:\/\/mockfest.pt\/wp-content\/uploads\/2025\/07\/IMG_8428-scaled.jpg\" class=\"elementor-animation-grow\" alt=\"Painel de humoristas no palco do Worten Mock Fest em Lisboa, com p\u00fablico assistindo, proje\u00e7\u00e3o de retrato de artista e ilumina\u00e7\u00e3o de festival de com\u00e9dia ao vivo.\" srcset=\"https:\/\/mockfest.pt\/wp-content\/uploads\/2025\/07\/IMG_8428-scaled.jpg 2560w, https:\/\/mockfest.pt\/wp-content\/uploads\/2025\/07\/IMG_8428-300x225.jpg 300w, https:\/\/mockfest.pt\/wp-content\/uploads\/2025\/07\/IMG_8428-1024x768.jpg 1024w, https:\/\/mockfest.pt\/wp-content\/uploads\/2025\/07\/IMG_8428-768x576.jpg 768w, https:\/\/mockfest.pt\/wp-content\/uploads\/2025\/07\/IMG_8428-1536x1152.jpg 1536w, https:\/\/mockfest.pt\/wp-content\/uploads\/2025\/07\/IMG_8428-2048x1536.jpg 2048w, https:\/\/mockfest.pt\/wp-content\/uploads\/2025\/07\/IMG_8428-16x12.jpg 16w\" sizes=\"(max-width: 2560px) 100vw, 2560px\" \/>\t\t\t\t<\/a>\n\t\t\t\t\t\t\t<a href=\"#\" data-mfp-src=\"https:\/\/mockfest.pt\/wp-content\/uploads\/2025\/07\/IMG_8455-scaled.jpg\" class=\"ha-justified-grid__item ha-js-lightbox __fltr-1\" title=\"\">\n\t\t\t\t\t<img loading=\"lazy\" decoding=\"async\" width=\"2560\" height=\"1920\" src=\"https:\/\/mockfest.pt\/wp-content\/uploads\/2025\/07\/IMG_8455-scaled.jpg\" class=\"elementor-animation-grow\" alt=\"Painel de quatro oradores sentados no palco do Worten Mock Fest.\" srcset=\"https:\/\/mockfest.pt\/wp-content\/uploads\/2025\/07\/IMG_8455-scaled.jpg 2560w, https:\/\/mockfest.pt\/wp-content\/uploads\/2025\/07\/IMG_8455-300x225.jpg 300w, https:\/\/mockfest.pt\/wp-content\/uploads\/2025\/07\/IMG_8455-1024x768.jpg 1024w, https:\/\/mockfest.pt\/wp-content\/uploads\/2025\/07\/IMG_8455-768x576.jpg 768w, https:\/\/mockfest.pt\/wp-content\/uploads\/2025\/07\/IMG_8455-1536x1152.jpg 1536w, https:\/\/mockfest.pt\/wp-content\/uploads\/2025\/07\/IMG_8455-2048x1536.jpg 2048w, https:\/\/mockfest.pt\/wp-content\/uploads\/2025\/07\/IMG_8455-16x12.jpg 16w\" sizes=\"(max-width: 2560px) 100vw, 2560px\" \/>\t\t\t\t<\/a>\n\t\t\t\t\t\t\t<a href=\"#\" data-mfp-src=\"https:\/\/mockfest.pt\/wp-content\/uploads\/2025\/07\/IMG_8377-scaled.jpg\" class=\"ha-justified-grid__item ha-js-lightbox __fltr-1\" title=\"\">\n\t\t\t\t\t<img loading=\"lazy\" decoding=\"async\" width=\"2560\" height=\"1920\" src=\"https:\/\/mockfest.pt\/wp-content\/uploads\/2025\/07\/IMG_8377-scaled.jpg\" class=\"elementor-animation-grow\" alt=\"Painel de quatro oradores sentados no palco do Worten Mock Fest, todos com microfones, participando numa discuss\u00e3o em ambiente descontra\u00eddo.\" srcset=\"https:\/\/mockfest.pt\/wp-content\/uploads\/2025\/07\/IMG_8377-scaled.jpg 2560w, https:\/\/mockfest.pt\/wp-content\/uploads\/2025\/07\/IMG_8377-300x225.jpg 300w, https:\/\/mockfest.pt\/wp-content\/uploads\/2025\/07\/IMG_8377-1024x768.jpg 1024w, https:\/\/mockfest.pt\/wp-content\/uploads\/2025\/07\/IMG_8377-768x576.jpg 768w, https:\/\/mockfest.pt\/wp-content\/uploads\/2025\/07\/IMG_8377-1536x1152.jpg 1536w, https:\/\/mockfest.pt\/wp-content\/uploads\/2025\/07\/IMG_8377-2048x1536.jpg 2048w, https:\/\/mockfest.pt\/wp-content\/uploads\/2025\/07\/IMG_8377-16x12.jpg 16w\" sizes=\"(max-width: 2560px) 100vw, 2560px\" \/>\t\t\t\t<\/a>\n\t\t\t\t\t\t\t<a href=\"#\" data-mfp-src=\"https:\/\/mockfest.pt\/wp-content\/uploads\/2025\/07\/IMG_8372-Enhanced-NR-scaled.jpg\" class=\"ha-justified-grid__item ha-js-lightbox __fltr-1\" title=\"\">\n\t\t\t\t\t<img loading=\"lazy\" decoding=\"async\" width=\"2048\" height=\"2560\" src=\"https:\/\/mockfest.pt\/wp-content\/uploads\/2025\/07\/IMG_8372-Enhanced-NR-scaled.jpg\" class=\"elementor-animation-grow\" alt=\"P\u00fablico a sorrir e a assistir a um espet\u00e1culo no Worten Mock Fest, com destaque para jovens sentados, ambiente animado e luz de palco.\" srcset=\"https:\/\/mockfest.pt\/wp-content\/uploads\/2025\/07\/IMG_8372-Enhanced-NR-scaled.jpg 2048w, https:\/\/mockfest.pt\/wp-content\/uploads\/2025\/07\/IMG_8372-Enhanced-NR-240x300.jpg 240w, https:\/\/mockfest.pt\/wp-content\/uploads\/2025\/07\/IMG_8372-Enhanced-NR-819x1024.jpg 819w, https:\/\/mockfest.pt\/wp-content\/uploads\/2025\/07\/IMG_8372-Enhanced-NR-768x960.jpg 768w, https:\/\/mockfest.pt\/wp-content\/uploads\/2025\/07\/IMG_8372-Enhanced-NR-1229x1536.jpg 1229w, https:\/\/mockfest.pt\/wp-content\/uploads\/2025\/07\/IMG_8372-Enhanced-NR-1638x2048.jpg 1638w, https:\/\/mockfest.pt\/wp-content\/uploads\/2025\/07\/IMG_8372-Enhanced-NR-10x12.jpg 10w\" sizes=\"(max-width: 2048px) 100vw, 2048px\" \/>\t\t\t\t<\/a>\n\t\t\t\t\t\t\t<a href=\"#\" data-mfp-src=\"https:\/\/mockfest.pt\/wp-content\/uploads\/2025\/07\/IMG_8366-scaled.jpg\" class=\"ha-justified-grid__item ha-js-lightbox __fltr-1\" title=\"\">\n\t\t\t\t\t<img loading=\"lazy\" decoding=\"async\" width=\"2560\" height=\"1920\" src=\"https:\/\/mockfest.pt\/wp-content\/uploads\/2025\/07\/IMG_8366-scaled.jpg\" class=\"elementor-animation-grow\" alt=\"Painel de quatro oradores sentados no palco do Worten Mock Fest\" srcset=\"https:\/\/mockfest.pt\/wp-content\/uploads\/2025\/07\/IMG_8366-scaled.jpg 2560w, https:\/\/mockfest.pt\/wp-content\/uploads\/2025\/07\/IMG_8366-300x225.jpg 300w, https:\/\/mockfest.pt\/wp-content\/uploads\/2025\/07\/IMG_8366-1024x768.jpg 1024w, https:\/\/mockfest.pt\/wp-content\/uploads\/2025\/07\/IMG_8366-768x576.jpg 768w, https:\/\/mockfest.pt\/wp-content\/uploads\/2025\/07\/IMG_8366-1536x1152.jpg 1536w, https:\/\/mockfest.pt\/wp-content\/uploads\/2025\/07\/IMG_8366-2048x1536.jpg 2048w, https:\/\/mockfest.pt\/wp-content\/uploads\/2025\/07\/IMG_8366-16x12.jpg 16w\" sizes=\"(max-width: 2560px) 100vw, 2560px\" \/>\t\t\t\t<\/a>\n\t\t\t\t\t\t\t<a href=\"#\" data-mfp-src=\"https:\/\/mockfest.pt\/wp-content\/uploads\/2025\/07\/IMG_8363-Enhanced-NR-scaled.jpg\" class=\"ha-justified-grid__item ha-js-lightbox __fltr-1\" title=\"\">\n\t\t\t\t\t<img loading=\"lazy\" decoding=\"async\" width=\"2560\" height=\"2048\" src=\"https:\/\/mockfest.pt\/wp-content\/uploads\/2025\/07\/IMG_8363-Enhanced-NR-scaled.jpg\" class=\"elementor-animation-grow\" alt=\"Comediantes no palco do Worten Mock Fest em um painel animado, sorrindo e conversando diante de uma plateia, com um grande logotipo vermelho em destaque \u00e0 frente.\" srcset=\"https:\/\/mockfest.pt\/wp-content\/uploads\/2025\/07\/IMG_8363-Enhanced-NR-scaled.jpg 2560w, https:\/\/mockfest.pt\/wp-content\/uploads\/2025\/07\/IMG_8363-Enhanced-NR-300x240.jpg 300w, https:\/\/mockfest.pt\/wp-content\/uploads\/2025\/07\/IMG_8363-Enhanced-NR-1024x819.jpg 1024w, https:\/\/mockfest.pt\/wp-content\/uploads\/2025\/07\/IMG_8363-Enhanced-NR-768x614.jpg 768w, https:\/\/mockfest.pt\/wp-content\/uploads\/2025\/07\/IMG_8363-Enhanced-NR-1536x1229.jpg 1536w, https:\/\/mockfest.pt\/wp-content\/uploads\/2025\/07\/IMG_8363-Enhanced-NR-2048x1638.jpg 2048w, https:\/\/mockfest.pt\/wp-content\/uploads\/2025\/07\/IMG_8363-Enhanced-NR-15x12.jpg 15w\" sizes=\"(max-width: 2560px) 100vw, 2560px\" \/>\t\t\t\t<\/a>\n\t\t\t\t\t\t\t<a href=\"#\" data-mfp-src=\"https:\/\/mockfest.pt\/wp-content\/uploads\/2025\/07\/IMG_8356-scaled.jpg\" class=\"ha-justified-grid__item ha-js-lightbox __fltr-1\" title=\"\">\n\t\t\t\t\t<img loading=\"lazy\" decoding=\"async\" width=\"2560\" height=\"2048\" src=\"https:\/\/mockfest.pt\/wp-content\/uploads\/2025\/07\/IMG_8356-scaled.jpg\" class=\"elementor-animation-grow\" alt=\"Homem de bigode e camisa azul aparece em um tel\u00e3o segurando um cart\u00e3o com o logo do Mock Fest. Ao fundo, cen\u00e1rio com cadeiras douradas e cortinas vermelhas, enquanto o p\u00fablico assiste.\" srcset=\"https:\/\/mockfest.pt\/wp-content\/uploads\/2025\/07\/IMG_8356-scaled.jpg 2560w, https:\/\/mockfest.pt\/wp-content\/uploads\/2025\/07\/IMG_8356-300x240.jpg 300w, https:\/\/mockfest.pt\/wp-content\/uploads\/2025\/07\/IMG_8356-1024x819.jpg 1024w, https:\/\/mockfest.pt\/wp-content\/uploads\/2025\/07\/IMG_8356-768x614.jpg 768w, https:\/\/mockfest.pt\/wp-content\/uploads\/2025\/07\/IMG_8356-1536x1229.jpg 1536w, https:\/\/mockfest.pt\/wp-content\/uploads\/2025\/07\/IMG_8356-2048x1638.jpg 2048w, https:\/\/mockfest.pt\/wp-content\/uploads\/2025\/07\/IMG_8356-15x12.jpg 15w\" sizes=\"(max-width: 2560px) 100vw, 2560px\" \/>\t\t\t\t<\/a>\n\t\t\t\t\t\t\t<a href=\"#\" data-mfp-src=\"https:\/\/mockfest.pt\/wp-content\/uploads\/2025\/07\/IMG_8328-scaled.jpg\" class=\"ha-justified-grid__item ha-js-lightbox __fltr-1\" title=\"\">\n\t\t\t\t\t<img loading=\"lazy\" decoding=\"async\" width=\"2560\" height=\"2048\" src=\"https:\/\/mockfest.pt\/wp-content\/uploads\/2025\/07\/IMG_8328-scaled.jpg\" class=\"elementor-animation-grow\" alt=\"A female presenter holds a blue microphone while engaging with a male interviewee in a modern studio setting.\" srcset=\"https:\/\/mockfest.pt\/wp-content\/uploads\/2025\/07\/IMG_8328-scaled.jpg 2560w, https:\/\/mockfest.pt\/wp-content\/uploads\/2025\/07\/IMG_8328-300x240.jpg 300w, https:\/\/mockfest.pt\/wp-content\/uploads\/2025\/07\/IMG_8328-1024x819.jpg 1024w, https:\/\/mockfest.pt\/wp-content\/uploads\/2025\/07\/IMG_8328-768x614.jpg 768w, https:\/\/mockfest.pt\/wp-content\/uploads\/2025\/07\/IMG_8328-1536x1229.jpg 1536w, https:\/\/mockfest.pt\/wp-content\/uploads\/2025\/07\/IMG_8328-2048x1638.jpg 2048w, https:\/\/mockfest.pt\/wp-content\/uploads\/2025\/07\/IMG_8328-15x12.jpg 15w\" sizes=\"(max-width: 2560px) 100vw, 2560px\" \/>\t\t\t\t<\/a>\n\t\t\t\t\t\t\t<a href=\"#\" data-mfp-src=\"https:\/\/mockfest.pt\/wp-content\/uploads\/2025\/07\/IMG_8314-scaled.jpg\" class=\"ha-justified-grid__item ha-js-lightbox __fltr-1\" title=\"\">\n\t\t\t\t\t<img loading=\"lazy\" decoding=\"async\" width=\"2048\" height=\"2560\" src=\"https:\/\/mockfest.pt\/wp-content\/uploads\/2025\/07\/IMG_8314-scaled.jpg\" class=\"elementor-animation-grow\" alt=\"Entrevista animada durante o Worten Mock Fest. Rep\u00f3rter com microfone da SIC conversa com participante, ambas sorridentes em um ambiente descontra\u00eddo e moderno do evento.\" srcset=\"https:\/\/mockfest.pt\/wp-content\/uploads\/2025\/07\/IMG_8314-scaled.jpg 2048w, https:\/\/mockfest.pt\/wp-content\/uploads\/2025\/07\/IMG_8314-240x300.jpg 240w, https:\/\/mockfest.pt\/wp-content\/uploads\/2025\/07\/IMG_8314-819x1024.jpg 819w, https:\/\/mockfest.pt\/wp-content\/uploads\/2025\/07\/IMG_8314-768x960.jpg 768w, https:\/\/mockfest.pt\/wp-content\/uploads\/2025\/07\/IMG_8314-1229x1536.jpg 1229w, https:\/\/mockfest.pt\/wp-content\/uploads\/2025\/07\/IMG_8314-1638x2048.jpg 1638w, https:\/\/mockfest.pt\/wp-content\/uploads\/2025\/07\/IMG_8314-10x12.jpg 10w\" sizes=\"(max-width: 2048px) 100vw, 2048px\" \/>\t\t\t\t<\/a>\n\t\t\t\t\t\t\t<a href=\"#\" data-mfp-src=\"https:\/\/mockfest.pt\/wp-content\/uploads\/2025\/07\/IMG_8319-scaled.jpg\" class=\"ha-justified-grid__item ha-js-lightbox __fltr-1\" title=\"\">\n\t\t\t\t\t<img loading=\"lazy\" decoding=\"async\" width=\"2048\" height=\"2560\" src=\"https:\/\/mockfest.pt\/wp-content\/uploads\/2025\/07\/IMG_8319-scaled.jpg\" class=\"elementor-animation-grow\" alt=\"Super Bock\" srcset=\"https:\/\/mockfest.pt\/wp-content\/uploads\/2025\/07\/IMG_8319-scaled.jpg 2048w, https:\/\/mockfest.pt\/wp-content\/uploads\/2025\/07\/IMG_8319-240x300.jpg 240w, https:\/\/mockfest.pt\/wp-content\/uploads\/2025\/07\/IMG_8319-819x1024.jpg 819w, https:\/\/mockfest.pt\/wp-content\/uploads\/2025\/07\/IMG_8319-768x960.jpg 768w, https:\/\/mockfest.pt\/wp-content\/uploads\/2025\/07\/IMG_8319-1229x1536.jpg 1229w, https:\/\/mockfest.pt\/wp-content\/uploads\/2025\/07\/IMG_8319-1638x2048.jpg 1638w, https:\/\/mockfest.pt\/wp-content\/uploads\/2025\/07\/IMG_8319-10x12.jpg 10w\" sizes=\"(max-width: 2048px) 100vw, 2048px\" \/>\t\t\t\t<\/a>\n\t\t\t\t\t\t\t<a href=\"#\" data-mfp-src=\"https:\/\/mockfest.pt\/wp-content\/uploads\/2025\/07\/DSC04708-Enhanced-NR-scaled.jpg\" class=\"ha-justified-grid__item ha-js-lightbox __fltr-1\" title=\"\">\n\t\t\t\t\t<img loading=\"lazy\" decoding=\"async\" width=\"2560\" height=\"1920\" src=\"https:\/\/mockfest.pt\/wp-content\/uploads\/2025\/07\/DSC04708-Enhanced-NR-scaled.jpg\" class=\"elementor-animation-grow\" alt=\"Plateia de pessoas assistindo atentamente \u00e0s apresenta\u00e7\u00f5es no Mock Fest, sob ilumina\u00e7\u00e3o de festival, em ambiente interno.\" srcset=\"https:\/\/mockfest.pt\/wp-content\/uploads\/2025\/07\/DSC04708-Enhanced-NR-scaled.jpg 2560w, https:\/\/mockfest.pt\/wp-content\/uploads\/2025\/07\/DSC04708-Enhanced-NR-300x225.jpg 300w, https:\/\/mockfest.pt\/wp-content\/uploads\/2025\/07\/DSC04708-Enhanced-NR-1024x768.jpg 1024w, https:\/\/mockfest.pt\/wp-content\/uploads\/2025\/07\/DSC04708-Enhanced-NR-768x576.jpg 768w, https:\/\/mockfest.pt\/wp-content\/uploads\/2025\/07\/DSC04708-Enhanced-NR-1536x1152.jpg 1536w, https:\/\/mockfest.pt\/wp-content\/uploads\/2025\/07\/DSC04708-Enhanced-NR-2048x1536.jpg 2048w, https:\/\/mockfest.pt\/wp-content\/uploads\/2025\/07\/DSC04708-Enhanced-NR-16x12.jpg 16w\" sizes=\"(max-width: 2560px) 100vw, 2560px\" \/>\t\t\t\t<\/a>\n\t\t\t\t\t\t\t<a href=\"#\" data-mfp-src=\"https:\/\/mockfest.pt\/wp-content\/uploads\/2025\/07\/DSC04705-Enhanced-NR-scaled.jpg\" class=\"ha-justified-grid__item ha-js-lightbox __fltr-1\" title=\"\">\n\t\t\t\t\t<img loading=\"lazy\" decoding=\"async\" width=\"2560\" height=\"2048\" src=\"https:\/\/mockfest.pt\/wp-content\/uploads\/2025\/07\/DSC04705-Enhanced-NR-scaled.jpg\" class=\"elementor-animation-grow\" alt=\"P\u00fablico atento assistindo a uma apresenta\u00e7\u00e3o durante o Mock Fest, com destaque para um homem careca e de barba na plateia.\" srcset=\"https:\/\/mockfest.pt\/wp-content\/uploads\/2025\/07\/DSC04705-Enhanced-NR-scaled.jpg 2560w, https:\/\/mockfest.pt\/wp-content\/uploads\/2025\/07\/DSC04705-Enhanced-NR-300x240.jpg 300w, https:\/\/mockfest.pt\/wp-content\/uploads\/2025\/07\/DSC04705-Enhanced-NR-1024x819.jpg 1024w, https:\/\/mockfest.pt\/wp-content\/uploads\/2025\/07\/DSC04705-Enhanced-NR-768x614.jpg 768w, https:\/\/mockfest.pt\/wp-content\/uploads\/2025\/07\/DSC04705-Enhanced-NR-1536x1229.jpg 1536w, https:\/\/mockfest.pt\/wp-content\/uploads\/2025\/07\/DSC04705-Enhanced-NR-2048x1638.jpg 2048w, https:\/\/mockfest.pt\/wp-content\/uploads\/2025\/07\/DSC04705-Enhanced-NR-15x12.jpg 15w\" sizes=\"(max-width: 2560px) 100vw, 2560px\" \/>\t\t\t\t<\/a>\n\t\t\t\t\t\t\t<a href=\"#\" data-mfp-src=\"https:\/\/mockfest.pt\/wp-content\/uploads\/2025\/07\/DSC04689-Enhanced-NR-scaled.jpg\" class=\"ha-justified-grid__item ha-js-lightbox __fltr-1\" title=\"\">\n\t\t\t\t\t<img loading=\"lazy\" decoding=\"async\" width=\"2560\" height=\"2048\" src=\"https:\/\/mockfest.pt\/wp-content\/uploads\/2025\/07\/DSC04689-Enhanced-NR-scaled.jpg\" class=\"elementor-animation-grow\" alt=\"Comediantes no palco do Worten Mock Fest em um painel animado, sorrindo e conversando diante de uma plateia.\" srcset=\"https:\/\/mockfest.pt\/wp-content\/uploads\/2025\/07\/DSC04689-Enhanced-NR-scaled.jpg 2560w, https:\/\/mockfest.pt\/wp-content\/uploads\/2025\/07\/DSC04689-Enhanced-NR-300x240.jpg 300w, https:\/\/mockfest.pt\/wp-content\/uploads\/2025\/07\/DSC04689-Enhanced-NR-1024x819.jpg 1024w, https:\/\/mockfest.pt\/wp-content\/uploads\/2025\/07\/DSC04689-Enhanced-NR-768x614.jpg 768w, https:\/\/mockfest.pt\/wp-content\/uploads\/2025\/07\/DSC04689-Enhanced-NR-1536x1229.jpg 1536w, https:\/\/mockfest.pt\/wp-content\/uploads\/2025\/07\/DSC04689-Enhanced-NR-2048x1639.jpg 2048w, https:\/\/mockfest.pt\/wp-content\/uploads\/2025\/07\/DSC04689-Enhanced-NR-15x12.jpg 15w\" sizes=\"(max-width: 2560px) 100vw, 2560px\" \/>\t\t\t\t<\/a>\n\t\t\t\t\t<\/div>\n\n\t\t\t\t\t\t<\/div>\n\t\t\t\t<\/div>\n\t\t\t\t<\/div>\n\t\t\t\t<\/div>\n\t\t\t\t<\/div>\n\t\t\t\t\t<\/div>\n\t\t\t\t<\/div>\n\t\t\t\t<\/div>","protected":false},"excerpt":{"rendered":"<p>Galeria Press Day 2025<\/p>","protected":false},"author":4,"featured_media":0,"parent":0,"menu_order":0,"comment_status":"closed","ping_status":"closed","template":"elementor_header_footer","meta":{"footnotes":""},"class_list":["post-4278","page","type-page","status-publish","hentry"],"yoast_head":"<!-- This site is optimized with the Yoast SEO plugin v25.0 - https:\/\/yoast.com\/wordpress\/plugins\/seo\/ -->\n<title>Galeria - Press Day | MockFest Lisboa<\/title>\n<meta name=\"robots\" content=\"index, follow, max-snippet:-1, max-image-preview:large, max-video-preview:-1\" \/>\n<link rel=\"canonical\" href=\"https:\/\/mockfest.pt\/en\/pressday\/\" \/>\n<meta property=\"og:locale\" content=\"en_GB\" \/>\n<meta property=\"og:type\" content=\"article\" \/>\n<meta property=\"og:title\" content=\"Galeria - Press Day | MockFest Lisboa\" \/>\n<meta property=\"og:description\" content=\"Galeria Press Day 2025\" \/>\n<meta property=\"og:url\" content=\"https:\/\/mockfest.pt\/en\/pressday\/\" \/>\n<meta property=\"og:site_name\" content=\"Worten Mock Fest\" \/>\n<meta property=\"article:modified_time\" content=\"2026-01-25T23:45:03+00:00\" \/>\n<meta property=\"og:image\" content=\"https:\/\/mockfest.pt\/wp-content\/uploads\/2025\/07\/IMG_8773-scaled.jpg\" \/>\n<meta name=\"twitter:card\" content=\"summary_large_image\" \/>\n<meta name=\"twitter:label1\" content=\"Estimated reading time\" \/>\n\t<meta name=\"twitter:data1\" content=\"17 minutes\" \/>\n<!-- \/ Yoast SEO plugin. -->","yoast_head_json":{"title":"Galeria - Press Day | MockFest Lisboa","robots":{"index":"index","follow":"follow","max-snippet":"max-snippet:-1","max-image-preview":"max-image-preview:large","max-video-preview":"max-video-preview:-1"},"canonical":"https:\/\/mockfest.pt\/en\/pressday\/","og_locale":"en_GB","og_type":"article","og_title":"Galeria - Press Day | MockFest Lisboa","og_description":"Galeria Press Day 2025","og_url":"https:\/\/mockfest.pt\/en\/pressday\/","og_site_name":"Worten Mock Fest","article_modified_time":"2026-01-25T23:45:03+00:00","og_image":[{"url":"https:\/\/mockfest.pt\/wp-content\/uploads\/2025\/07\/IMG_8773-scaled.jpg","type":"","width":"","height":""}],"twitter_card":"summary_large_image","twitter_misc":{"Estimated reading time":"17 minutes"},"schema":{"@context":"https:\/\/schema.org","@graph":[{"@type":"WebPage","@id":"https:\/\/mockfest.pt\/pressday\/","url":"https:\/\/mockfest.pt\/pressday\/","name":"Galeria - Press Day | MockFest Lisboa","isPartOf":{"@id":"https:\/\/mockfest.pt\/#website"},"primaryImageOfPage":{"@id":"https:\/\/mockfest.pt\/pressday\/#primaryimage"},"image":{"@id":"https:\/\/mockfest.pt\/pressday\/#primaryimage"},"thumbnailUrl":"https:\/\/mockfest.pt\/wp-content\/uploads\/2025\/07\/IMG_8773-scaled.jpg","datePublished":"2026-01-25T09:29:53+00:00","dateModified":"2026-01-25T23:45:03+00:00","breadcrumb":{"@id":"https:\/\/mockfest.pt\/pressday\/#breadcrumb"},"inLanguage":"en-GB","potentialAction":[{"@type":"ReadAction","target":["https:\/\/mockfest.pt\/pressday\/"]}]},{"@type":"ImageObject","inLanguage":"en-GB","@id":"https:\/\/mockfest.pt\/pressday\/#primaryimage","url":"https:\/\/mockfest.pt\/wp-content\/uploads\/2025\/07\/IMG_8773-scaled.jpg","contentUrl":"https:\/\/mockfest.pt\/wp-content\/uploads\/2025\/07\/IMG_8773-scaled.jpg"},{"@type":"BreadcrumbList","@id":"https:\/\/mockfest.pt\/pressday\/#breadcrumb","itemListElement":[{"@type":"ListItem","position":1,"name":"Home","item":"https:\/\/mockfest.pt\/"},{"@type":"ListItem","position":2,"name":"Galeria &#8211; Press Day"}]},{"@type":"WebSite","@id":"https:\/\/mockfest.pt\/#website","url":"https:\/\/mockfest.pt\/","name":"Worten Mock Fest","description":"","publisher":{"@id":"https:\/\/mockfest.pt\/#organization"},"potentialAction":[{"@type":"SearchAction","target":{"@type":"EntryPoint","urlTemplate":"https:\/\/mockfest.pt\/?s={search_term_string}"},"query-input":{"@type":"PropertyValueSpecification","valueRequired":true,"valueName":"search_term_string"}}],"inLanguage":"en-GB"},{"@type":"Organization","@id":"https:\/\/mockfest.pt\/#organization","name":"Worten Mock Fest","url":"https:\/\/mockfest.pt\/","logo":{"@type":"ImageObject","inLanguage":"en-GB","@id":"https:\/\/mockfest.pt\/#\/schema\/logo\/image\/","url":"https:\/\/mockfest.pt\/wp-content\/uploads\/2025\/05\/logo-final.png","contentUrl":"https:\/\/mockfest.pt\/wp-content\/uploads\/2025\/05\/logo-final.png","width":442,"height":206,"caption":"Worten Mock Fest"},"image":{"@id":"https:\/\/mockfest.pt\/#\/schema\/logo\/image\/"}}]}},"_links":{"self":[{"href":"https:\/\/mockfest.pt\/en\/wp-json\/wp\/v2\/pages\/4278","targetHints":{"allow":["GET"]}}],"collection":[{"href":"https:\/\/mockfest.pt\/en\/wp-json\/wp\/v2\/pages"}],"about":[{"href":"https:\/\/mockfest.pt\/en\/wp-json\/wp\/v2\/types\/page"}],"author":[{"embeddable":true,"href":"https:\/\/mockfest.pt\/en\/wp-json\/wp\/v2\/users\/4"}],"replies":[{"embeddable":true,"href":"https:\/\/mockfest.pt\/en\/wp-json\/wp\/v2\/comments?post=4278"}],"version-history":[{"count":16,"href":"https:\/\/mockfest.pt\/en\/wp-json\/wp\/v2\/pages\/4278\/revisions"}],"predecessor-version":[{"id":4640,"href":"https:\/\/mockfest.pt\/en\/wp-json\/wp\/v2\/pages\/4278\/revisions\/4640"}],"wp:attachment":[{"href":"https:\/\/mockfest.pt\/en\/wp-json\/wp\/v2\/media?parent=4278"}],"curies":[{"name":"wp","href":"https:\/\/api.w.org\/{rel}","templated":true}]}}